{"id":16338,"date":"2020-04-01T12:56:09","date_gmt":"2020-04-01T11:56:09","guid":{"rendered":"https:\/\/www.traveltelling.net\/?page_id=16338"},"modified":"2021-10-27T11:13:55","modified_gmt":"2021-10-27T10:13:55","slug":"osteuropa","status":"publish","type":"page","link":"https:\/\/www.traveltelling.net\/de\/osteuropa\/","title":{"rendered":"Ostw\u00e4rts"},"content":{"rendered":"<div class=\"fusion-fullwidth fullwidth-box fusion-builder-row-1 nonhundred-percent-fullwidth non-hundred-percent-height-scrolling fusion-equal-height-columns\" style=\"--awb-border-radius-top-left:0px;--awb-border-radius-top-right:0px;--awb-border-radius-bottom-right:0px;--awb-border-radius-bottom-left:0px;--awb-flex-wrap:wrap;\" ><div class=\"fusion-builder-row fusion-row\"><div class=\"fusion-layout-column fusion_builder_column fusion-builder-column-0 fusion_builder_column_1_1 1_1 fusion-one-full fusion-column-first fusion-column-last\" style=\"--awb-bg-size:cover;\"><div class=\"fusion-column-wrapper fusion-column-has-shadow fusion-flex-column-wrapper-legacy\"><div class=\"fusion-title title fusion-title-1 fusion-title-center fusion-title-text fusion-title-size-one\" style=\"--awb-margin-top:60px;--awb-margin-bottom:30px;--awb-margin-top-small:10px;--awb-margin-right-small:0px;--awb-margin-bottom-small:10px;--awb-margin-left-small:0px;\"><div class=\"title-sep-container title-sep-container-left\"><div class=\"title-sep sep-double sep-solid\" style=\"border-color:#e2e2e2;\"><\/div><\/div><span class=\"awb-title-spacer\"><\/span><h1 class=\"fusion-title-heading title-heading-center\" style=\"margin:0;\">Ostw\u00e4rts<\/h1><span class=\"awb-title-spacer\"><\/span><div class=\"title-sep-container title-sep-container-right\"><div class=\"title-sep sep-double sep-solid\" style=\"border-color:#e2e2e2;\"><\/div><\/div><\/div><div class=\"fusion-sep-clear\"><\/div><div class=\"fusion-separator fusion-full-width-sep\" style=\"margin-left: auto;margin-right: auto;margin-top:15px;margin-bottom:15px;width:100%;\"><div class=\"fusion-separator-border sep-double\" style=\"--awb-height:20px;--awb-amount:20px;border-color:#e2e2e2;border-top-width:1px;border-bottom-width:1px;\"><\/div><\/div><div class=\"fusion-sep-clear\"><\/div><div class=\"fusion-text fusion-text-1\"><p><strong>Hier findest du Reiseberichte und Tipps zu Reisen nach Osteuropa, ins ehemalige Jugoslawien, auf den Balkan sowie ins Baltikum.<br \/>\n<\/strong><strong><em><a href=\"https:\/\/www.traveltelling.net\/de\/category\/ost-europa\/ex-jugoslawien-balkanhalbinsel\/albanien-reise-urlaub\/\">Albanien<\/a>, <a href=\"https:\/\/www.traveltelling.net\/de\/category\/ost-europa\/ex-jugoslawien-balkanhalbinsel\/bulgarien\/\">Bulgarien<\/a>, <a href=\"https:\/\/www.traveltelling.net\/de\/category\/ost-europa\/ex-jugoslawien-balkanhalbinsel\/kosovo-reise\/\">Kosovo<\/a>, <a href=\"https:\/\/www.traveltelling.net\/de\/category\/ost-europa\/ex-jugoslawien-balkanhalbinsel\/kroatien\/\">Kroatien<\/a>, <a href=\"https:\/\/www.traveltelling.net\/de\/category\/baltikum-reise-lettland\/\">Lettland<\/a>, <a href=\"https:\/\/www.traveltelling.net\/de\/category\/ost-europa\/ex-jugoslawien-balkanhalbinsel\/montenegro-urlaub\/\">Montenegro<\/a>, <a href=\"https:\/\/www.traveltelling.net\/de\/category\/ost-europa\/ex-jugoslawien-balkanhalbinsel\/reise-nach-mazedonien\/\">Nordmazedonien<\/a>, <a href=\"https:\/\/www.traveltelling.net\/de\/category\/ost-europa\/ex-jugoslawien-balkanhalbinsel\/rumaenien\/\">Rum\u00e4nien<\/a>, <a href=\"https:\/\/www.traveltelling.net\/de\/category\/ost-europa\/ex-jugoslawien-balkanhalbinsel\/serbien\/\">Serbien<\/a>, <a href=\"https:\/\/www.traveltelling.net\/de\/category\/ost-europa\/slowakei\/\">Slowakei<\/a>, <a href=\"https:\/\/www.traveltelling.net\/de\/category\/ost-europa\/tschechien\/\">Tschechien<\/a>, <a href=\"https:\/\/www.traveltelling.net\/de\/category\/ost-europa\/ungarn\/\">Ungarn<\/a>.<\/em><\/strong><\/p>\n<\/div><div class=\"fusion-sep-clear\"><\/div><div class=\"fusion-separator fusion-full-width-sep\" style=\"margin-left: auto;margin-right: auto;margin-top:15px;margin-bottom:15px;width:100%;\"><div class=\"fusion-separator-border sep-double\" style=\"--awb-height:20px;--awb-amount:20px;border-color:#e2e2e2;border-top-width:1px;border-bottom-width:1px;\"><\/div><\/div><div class=\"fusion-sep-clear\"><\/div><div class=\"fusion-blog-shortcode fusion-blog-shortcode-1 fusion-blog-archive fusion-blog-layout-grid-wrapper fusion-blog-infinite\" style=\"--grid_separator_color:#393536;\"><style type=\"text\/css\">.fusion-blog-shortcode-1 .fusion-blog-layout-grid .fusion-post-grid{padding:20px;}.fusion-blog-shortcode-1 .fusion-posts-container{margin-left: -20px !important; margin-right:-20px !important;}<\/style><div class=\"fusion-posts-container fusion-posts-container-infinite fusion-posts-container-load-more fusion-blog-rollover fusion-blog-layout-grid fusion-blog-layout-grid-3 isotope fusion-blog-equal-heights\" data-pages=\"2\" data-grid-col-space=\"40\" style=\"margin: -20px -20px 0;min-height:500px;\"><article id=\"blog-1-post-19865\" class=\"fusion-post-grid post-19865 post type-post status-publish format-standard has-post-thumbnail hentry category-begegnungen category-rumaenien tag-unterkuenfte\">\n<div class=\"fusion-post-wrapper\" style=\"background-color:rgba(255,255,255,0);border:1px solid #393536;border-bottom-width:3px;\">\n\n\t\t\t<div class=\"fusion-flexslider flexslider fusion-flexslider-loading fusion-post-slideshow\" style=\"border-color:#393536;\">\n\t\t<ul class=\"slides\">\n\t\t\t\n\t\t\t\t\t\t\t\t\t\t\t\t\t\t<li><div  class=\"fusion-image-wrapper\" aria-haspopup=\"true\">\n\t\t\t\t<img decoding=\"async\" width=\"1200\" height=\"628\" src=\"https:\/\/www.traveltelling.net\/wp-content\/uploads\/2022\/07\/Uebernachten-in-den-Karpaten.png\" class=\"attachment-full size-full lazyload wp-post-image\" alt=\"\u00dcbernachtung im Bio BnB Air BnB bei Sibiu, Hermannstadt\" srcset=\"data:image\/svg+xml,%3Csvg%20xmlns%3D%27http%3A%2F%2Fwww.w3.org%2F2000%2Fsvg%27%20width%3D%271200%27%20height%3D%27628%27%20viewBox%3D%270%200%201200%20628%27%3E%3Crect%20width%3D%271200%27%20height%3D%27628%27%20fill-opacity%3D%220%22%2F%3E%3C%2Fsvg%3E\" data-orig-src=\"https:\/\/www.traveltelling.net\/wp-content\/uploads\/2022\/07\/Uebernachten-in-den-Karpaten.png\" data-srcset=\"https:\/\/www.traveltelling.net\/wp-content\/uploads\/2022\/07\/Uebernachten-in-den-Karpaten-200x105.png 200w, https:\/\/www.traveltelling.net\/wp-content\/uploads\/2022\/07\/Uebernachten-in-den-Karpaten-400x209.png 400w, https:\/\/www.traveltelling.net\/wp-content\/uploads\/2022\/07\/Uebernachten-in-den-Karpaten-600x314.png 600w, https:\/\/www.traveltelling.net\/wp-content\/uploads\/2022\/07\/Uebernachten-in-den-Karpaten-800x419.png 800w, https:\/\/www.traveltelling.net\/wp-content\/uploads\/2022\/07\/Uebernachten-in-den-Karpaten.png 1200w\" data-sizes=\"auto\" \/><div class=\"fusion-rollover\">\n\t<div class=\"fusion-rollover-content\">\n\n\t\t\t\t\t\t\t\t\t\t\t\t\t\t<a class=\"fusion-rollover-link\" href=\"https:\/\/www.traveltelling.net\/de\/rumaenien-karpaten-unterkunft\/\">Andreas und Ioanas Bio BNB in Rum\u00e4nien &#8211; so sieht es heute aus<\/a>\n\t\t\t\n\t\t\t\t\t\t\t\t\t\t\t\t\t\t\n\t\t\t\t\t\t\t\t\n\t\t\t\t\t\t\t\t\t\t\t\t\t<div class=\"fusion-rollover-sep\"><\/div>\n\t\t\t\t\n\t\t\t\t\t\t\t\t\t\t\t\t\t\t\t\t\t\t<a class=\"fusion-rollover-gallery\" href=\"https:\/\/www.traveltelling.net\/wp-content\/uploads\/2022\/07\/Uebernachten-in-den-Karpaten.png\" data-options=\"\" data-id=\"19865\" data-rel=\"iLightbox[gallery]\" data-title=\"\u00dcbernachten in den Karpaten\" data-caption=\"\">\n\t\t\t\t\t\tGallerie\t\t\t\t\t<\/a>\n\t\t\t\t\t\t\t\t\t\t\t\t\t\t\n\t\t\n\t\t\t\t\t\t\t\t\t\t\t\t<h4 class=\"fusion-rollover-title\">\n\t\t\t\t\t<a class=\"fusion-rollover-title-link\" href=\"https:\/\/www.traveltelling.net\/de\/rumaenien-karpaten-unterkunft\/\">\n\t\t\t\t\t\tAndreas und Ioanas Bio BNB in Rum\u00e4nien &#8211; so sieht es heute aus\t\t\t\t\t<\/a>\n\t\t\t\t<\/h4>\n\t\t\t\n\t\t\t\t\t\t\t\t\t\t<div class=\"fusion-rollover-categories\"><a href=\"https:\/\/www.traveltelling.net\/de\/category\/begegnungen\/\" rel=\"tag\">Interviews<\/a>, <a href=\"https:\/\/www.traveltelling.net\/de\/category\/rumaenien\/\" rel=\"tag\">Rum\u00e4nien<\/a><\/div>\t\t\t\t\t\n\t\t\n\t\t\t\t\t\t<a class=\"fusion-link-wrapper\" href=\"https:\/\/www.traveltelling.net\/de\/rumaenien-karpaten-unterkunft\/\" aria-label=\"Andreas und Ioanas Bio BNB in Rum\u00e4nien &#8211; so sieht es heute aus\"><\/a>\n\t<\/div>\n<\/div>\n<\/div>\n<\/li>\n\t\t\t\n\t\t\t\n\t\t\t\t\t\t\t\t<\/ul>\n\t<\/div>\n\t<div class=\"fusion-post-content-wrapper\" style=\"padding:30px 25px 25px 25px;\"><div class=\"fusion-post-content post-content\"><h2 class=\"blog-shortcode-post-title entry-title\"><a href=\"https:\/\/www.traveltelling.net\/de\/rumaenien-karpaten-unterkunft\/\">Andreas und Ioanas Bio BNB in Rum\u00e4nien &#8211; so sieht es heute aus<\/a><\/h2><p class=\"fusion-single-line-meta\"><span class=\"updated\" style=\"display:none;\">2022-07-14T10:42:34+01:00<\/span>Von <span class=\"vcard\"><span class=\"fn\"><a href=\"https:\/\/www.traveltelling.net\/de\/author\/matthias\/\" title=\"Beitr\u00e4ge von Matthias\" rel=\"author\">Matthias<\/a><\/span><\/span><span class=\"fusion-inline-sep\">|<\/span>Kategorien: <a href=\"https:\/\/www.traveltelling.net\/de\/category\/begegnungen\/\" rel=\"category tag\">Interviews<\/a>, <a href=\"https:\/\/www.traveltelling.net\/de\/category\/rumaenien\/\" rel=\"category tag\">Rum\u00e4nien<\/a><span class=\"fusion-inline-sep\">|<\/span><span class=\"meta-tags\">Schlagw&ouml;rter: <a href=\"https:\/\/www.traveltelling.net\/de\/tag\/unterkuenfte\/\" rel=\"tag\">Unterk\u00fcnfte<\/a><\/span><span class=\"fusion-inline-sep\">|<\/span><\/p><div class=\"fusion-post-content-container\"><\/div><\/div><\/div><div class=\"fusion-clearfix\"><\/div><\/div>\n<\/article>\n<article id=\"blog-1-post-19155\" class=\"fusion-post-grid post-19155 post type-post status-publish format-video has-post-thumbnail hentry category-albanien-reise-urlaub category-kosovo-reise category-reise-nach-mazedonien category-montenegro-urlaub post_format-post-format-video\">\n<div class=\"fusion-post-wrapper\" style=\"background-color:rgba(255,255,255,0);border:1px solid #393536;border-bottom-width:3px;\">\n\n\t\t\t<div class=\"fusion-flexslider flexslider fusion-flexslider-loading fusion-post-slideshow\" style=\"border-color:#393536;\">\n\t\t<ul class=\"slides\">\n\t\t\t\n\t\t\t\t\t\t\t\t\t\t\t\t\t\t<li><div  class=\"fusion-image-wrapper\" aria-haspopup=\"true\">\n\t\t\t\t<img decoding=\"async\" width=\"1800\" height=\"1200\" src=\"https:\/\/www.traveltelling.net\/wp-content\/uploads\/2020\/06\/Balkanreise-Tipps-und-Vlogs-1.jpg\" class=\"attachment-full size-full lazyload wp-post-image\" alt=\"\" srcset=\"data:image\/svg+xml,%3Csvg%20xmlns%3D%27http%3A%2F%2Fwww.w3.org%2F2000%2Fsvg%27%20width%3D%271800%27%20height%3D%271200%27%20viewBox%3D%270%200%201800%201200%27%3E%3Crect%20width%3D%271800%27%20height%3D%271200%27%20fill-opacity%3D%220%22%2F%3E%3C%2Fsvg%3E\" data-orig-src=\"https:\/\/www.traveltelling.net\/wp-content\/uploads\/2020\/06\/Balkanreise-Tipps-und-Vlogs-1.jpg\" data-srcset=\"https:\/\/www.traveltelling.net\/wp-content\/uploads\/2020\/06\/Balkanreise-Tipps-und-Vlogs-1-200x133.jpg 200w, https:\/\/www.traveltelling.net\/wp-content\/uploads\/2020\/06\/Balkanreise-Tipps-und-Vlogs-1-400x267.jpg 400w, https:\/\/www.traveltelling.net\/wp-content\/uploads\/2020\/06\/Balkanreise-Tipps-und-Vlogs-1-600x400.jpg 600w, https:\/\/www.traveltelling.net\/wp-content\/uploads\/2020\/06\/Balkanreise-Tipps-und-Vlogs-1-800x533.jpg 800w, https:\/\/www.traveltelling.net\/wp-content\/uploads\/2020\/06\/Balkanreise-Tipps-und-Vlogs-1-1200x800.jpg 1200w, https:\/\/www.traveltelling.net\/wp-content\/uploads\/2020\/06\/Balkanreise-Tipps-und-Vlogs-1.jpg 1800w\" data-sizes=\"auto\" \/><div class=\"fusion-rollover\">\n\t<div class=\"fusion-rollover-content\">\n\n\t\t\t\t\t\t\t\t\t\t\t\t\t\t<a class=\"fusion-rollover-link\" href=\"https:\/\/www.traveltelling.net\/de\/tipps-balkan-reise\/\">2 Monate mit Bus, Zug und per Anhalter durch den Balkan<\/a>\n\t\t\t\n\t\t\t\t\t\t\t\t\t\t\t\t\t\t\n\t\t\t\t\t\t\t\t\n\t\t\t\t\t\t\t\t\t\t\t\t\t<div class=\"fusion-rollover-sep\"><\/div>\n\t\t\t\t\n\t\t\t\t\t\t\t\t\t\t\t\t\t\t\t\t\t\t<a class=\"fusion-rollover-gallery\" href=\"https:\/\/www.traveltelling.net\/wp-content\/uploads\/2020\/06\/Balkanreise-Tipps-und-Vlogs-1.jpg\" data-options=\"\" data-id=\"19155\" data-rel=\"iLightbox[gallery]\" data-title=\"Balkanreise Tipps und Vlogs\" data-caption=\"\">\n\t\t\t\t\t\tGallerie\t\t\t\t\t<\/a>\n\t\t\t\t\t\t\t\t\t\t\t\t\t\t\n\t\t\n\t\t\t\t\t\t\t\t\t\t\t\t<h4 class=\"fusion-rollover-title\">\n\t\t\t\t\t<a class=\"fusion-rollover-title-link\" href=\"https:\/\/www.traveltelling.net\/de\/tipps-balkan-reise\/\">\n\t\t\t\t\t\t2 Monate mit Bus, Zug und per Anhalter durch den Balkan\t\t\t\t\t<\/a>\n\t\t\t\t<\/h4>\n\t\t\t\n\t\t\t\t\t\t\t\t\t\t<div class=\"fusion-rollover-categories\"><a href=\"https:\/\/www.traveltelling.net\/de\/category\/albanien-reise-urlaub\/\" rel=\"tag\">Albanien<\/a>, <a href=\"https:\/\/www.traveltelling.net\/de\/category\/kosovo-reise\/\" rel=\"tag\">Kosovo<\/a>, <a href=\"https:\/\/www.traveltelling.net\/de\/category\/reise-nach-mazedonien\/\" rel=\"tag\">Mazedonien<\/a>, <a href=\"https:\/\/www.traveltelling.net\/de\/category\/montenegro-urlaub\/\" rel=\"tag\">Montenegro<\/a><\/div>\t\t\t\t\t\n\t\t\n\t\t\t\t\t\t<a class=\"fusion-link-wrapper\" href=\"https:\/\/www.traveltelling.net\/de\/tipps-balkan-reise\/\" aria-label=\"2 Monate mit Bus, Zug und per Anhalter durch den Balkan\"><\/a>\n\t<\/div>\n<\/div>\n<\/div>\n<\/li>\n\t\t\t\n\t\t\t\n\t\t\t\t\t\t\t\t<\/ul>\n\t<\/div>\n\t<div class=\"fusion-post-content-wrapper\" style=\"padding:30px 25px 25px 25px;\"><div class=\"fusion-post-content post-content\"><h2 class=\"blog-shortcode-post-title entry-title\"><a href=\"https:\/\/www.traveltelling.net\/de\/tipps-balkan-reise\/\">2 Monate mit Bus, Zug und per Anhalter durch den Balkan<\/a><\/h2><p class=\"fusion-single-line-meta\"><span class=\"updated\" style=\"display:none;\">2020-06-18T08:35:10+01:00<\/span>Von <span class=\"vcard\"><span class=\"fn\"><a href=\"https:\/\/www.traveltelling.net\/de\/author\/matthias\/\" title=\"Beitr\u00e4ge von Matthias\" rel=\"author\">Matthias<\/a><\/span><\/span><span class=\"fusion-inline-sep\">|<\/span>Kategorien: <a href=\"https:\/\/www.traveltelling.net\/de\/category\/albanien-reise-urlaub\/\" rel=\"category tag\">Albanien<\/a>, <a href=\"https:\/\/www.traveltelling.net\/de\/category\/kosovo-reise\/\" rel=\"category tag\">Kosovo<\/a>, <a href=\"https:\/\/www.traveltelling.net\/de\/category\/reise-nach-mazedonien\/\" rel=\"category tag\">Mazedonien<\/a>, <a href=\"https:\/\/www.traveltelling.net\/de\/category\/montenegro-urlaub\/\" rel=\"category tag\">Montenegro<\/a><span class=\"fusion-inline-sep\">|<\/span><\/p><div class=\"fusion-post-content-container\"><\/div><\/div><\/div><div class=\"fusion-clearfix\"><\/div><\/div>\n<\/article>\n<article id=\"blog-1-post-18708\" class=\"fusion-post-grid post-18708 post type-post status-publish format-standard has-post-thumbnail hentry category-bulgarien\">\n<div class=\"fusion-post-wrapper\" style=\"background-color:rgba(255,255,255,0);border:1px solid #393536;border-bottom-width:3px;\">\n\n\t\t\t<div class=\"fusion-flexslider flexslider fusion-flexslider-loading fusion-post-slideshow\" style=\"border-color:#393536;\">\n\t\t<ul class=\"slides\">\n\t\t\t\n\t\t\t\t\t\t\t\t\t\t\t\t\t\t<li><div  class=\"fusion-image-wrapper\" aria-haspopup=\"true\">\n\t\t\t\t<img decoding=\"async\" width=\"1200\" height=\"628\" src=\"https:\/\/www.traveltelling.net\/wp-content\/uploads\/2019\/08\/Historischer-Park-Varna-2.jpg\" class=\"attachment-full size-full lazyload wp-post-image\" alt=\"Historischer Park in Warna - Sehensw\u00fcrdigekeiten Bulgariens\" srcset=\"data:image\/svg+xml,%3Csvg%20xmlns%3D%27http%3A%2F%2Fwww.w3.org%2F2000%2Fsvg%27%20width%3D%271200%27%20height%3D%27628%27%20viewBox%3D%270%200%201200%20628%27%3E%3Crect%20width%3D%271200%27%20height%3D%27628%27%20fill-opacity%3D%220%22%2F%3E%3C%2Fsvg%3E\" data-orig-src=\"https:\/\/www.traveltelling.net\/wp-content\/uploads\/2019\/08\/Historischer-Park-Varna-2.jpg\" data-srcset=\"https:\/\/www.traveltelling.net\/wp-content\/uploads\/2019\/08\/Historischer-Park-Varna-2-200x105.jpg 200w, https:\/\/www.traveltelling.net\/wp-content\/uploads\/2019\/08\/Historischer-Park-Varna-2-400x209.jpg 400w, https:\/\/www.traveltelling.net\/wp-content\/uploads\/2019\/08\/Historischer-Park-Varna-2-600x314.jpg 600w, https:\/\/www.traveltelling.net\/wp-content\/uploads\/2019\/08\/Historischer-Park-Varna-2-800x419.jpg 800w, https:\/\/www.traveltelling.net\/wp-content\/uploads\/2019\/08\/Historischer-Park-Varna-2.jpg 1200w\" data-sizes=\"auto\" \/><div class=\"fusion-rollover\">\n\t<div class=\"fusion-rollover-content\">\n\n\t\t\t\t\t\t\t\t\t\t\t\t\t\t<a class=\"fusion-rollover-link\" href=\"https:\/\/www.traveltelling.net\/de\/bulgarien-varna-historischer-park\/\">Spartacus, Troja und die Thraker &#8211; Ausflug in den Historischen Park in Varna<\/a>\n\t\t\t\n\t\t\t\t\t\t\t\t\t\t\t\t\t\t\n\t\t\t\t\t\t\t\t\n\t\t\t\t\t\t\t\t\t\t\t\t\t<div class=\"fusion-rollover-sep\"><\/div>\n\t\t\t\t\n\t\t\t\t\t\t\t\t\t\t\t\t\t\t\t\t\t\t<a class=\"fusion-rollover-gallery\" href=\"https:\/\/www.traveltelling.net\/wp-content\/uploads\/2019\/08\/Historischer-Park-Varna-2.jpg\" data-options=\"\" data-id=\"18708\" data-rel=\"iLightbox[gallery]\" data-title=\"Historischer Park Warna\" data-caption=\"\">\n\t\t\t\t\t\tGallerie\t\t\t\t\t<\/a>\n\t\t\t\t\t\t\t\t\t\t\t\t\t\t\n\t\t\n\t\t\t\t\t\t\t\t\t\t\t\t<h4 class=\"fusion-rollover-title\">\n\t\t\t\t\t<a class=\"fusion-rollover-title-link\" href=\"https:\/\/www.traveltelling.net\/de\/bulgarien-varna-historischer-park\/\">\n\t\t\t\t\t\tSpartacus, Troja und die Thraker &#8211; Ausflug in den Historischen Park in Varna\t\t\t\t\t<\/a>\n\t\t\t\t<\/h4>\n\t\t\t\n\t\t\t\t\t\t\t\t\t\t<div class=\"fusion-rollover-categories\"><a href=\"https:\/\/www.traveltelling.net\/de\/category\/bulgarien\/\" rel=\"tag\">Bulgarien<\/a><\/div>\t\t\t\t\t\n\t\t\n\t\t\t\t\t\t<a class=\"fusion-link-wrapper\" href=\"https:\/\/www.traveltelling.net\/de\/bulgarien-varna-historischer-park\/\" aria-label=\"Spartacus, Troja und die Thraker &#8211; Ausflug in den Historischen Park in Varna\"><\/a>\n\t<\/div>\n<\/div>\n<\/div>\n<\/li>\n\t\t\t\n\t\t\t\n\t\t\t\t\t\t\t\t<\/ul>\n\t<\/div>\n\t<div class=\"fusion-post-content-wrapper\" style=\"padding:30px 25px 25px 25px;\"><div class=\"fusion-post-content post-content\"><h2 class=\"blog-shortcode-post-title entry-title\"><a href=\"https:\/\/www.traveltelling.net\/de\/bulgarien-varna-historischer-park\/\">Spartacus, Troja und die Thraker &#8211; Ausflug in den Historischen Park in Varna<\/a><\/h2><p class=\"fusion-single-line-meta\"><span class=\"updated\" style=\"display:none;\">2020-06-17T14:55:31+01:00<\/span>Von <span class=\"vcard\"><span class=\"fn\"><a href=\"https:\/\/www.traveltelling.net\/de\/author\/matthias\/\" title=\"Beitr\u00e4ge von Matthias\" rel=\"author\">Matthias<\/a><\/span><\/span><span class=\"fusion-inline-sep\">|<\/span>Kategorien: <a href=\"https:\/\/www.traveltelling.net\/de\/category\/bulgarien\/\" rel=\"category tag\">Bulgarien<\/a><span class=\"fusion-inline-sep\">|<\/span><\/p><div class=\"fusion-post-content-container\"><\/div><\/div><\/div><div class=\"fusion-clearfix\"><\/div><\/div>\n<\/article>\n<article id=\"blog-1-post-15946\" class=\"fusion-post-grid post-15946 post type-post status-publish format-standard has-post-thumbnail hentry category-albanien-reise-urlaub\">\n<div class=\"fusion-post-wrapper\" style=\"background-color:rgba(255,255,255,0);border:1px solid #393536;border-bottom-width:3px;\">\n\n\t\t\t<div class=\"fusion-flexslider flexslider fusion-flexslider-loading fusion-post-slideshow\" style=\"border-color:#393536;\">\n\t\t<ul class=\"slides\">\n\t\t\t\n\t\t\t\t\t\t\t\t\t\t\t\t\t\t<li><div  class=\"fusion-image-wrapper\" aria-haspopup=\"true\">\n\t\t\t\t<img decoding=\"async\" width=\"1600\" height=\"1200\" src=\"https:\/\/www.traveltelling.net\/wp-content\/uploads\/2020\/02\/Wetter-in-Albanien-beste-Reisezeit-Reisebericht-1.jpg\" class=\"attachment-full size-full lazyload wp-post-image\" alt=\"Wetter in Albanien und beste Reisezeit\" srcset=\"data:image\/svg+xml,%3Csvg%20xmlns%3D%27http%3A%2F%2Fwww.w3.org%2F2000%2Fsvg%27%20width%3D%271600%27%20height%3D%271200%27%20viewBox%3D%270%200%201600%201200%27%3E%3Crect%20width%3D%271600%27%20height%3D%271200%27%20fill-opacity%3D%220%22%2F%3E%3C%2Fsvg%3E\" data-orig-src=\"https:\/\/www.traveltelling.net\/wp-content\/uploads\/2020\/02\/Wetter-in-Albanien-beste-Reisezeit-Reisebericht-1.jpg\" data-srcset=\"https:\/\/www.traveltelling.net\/wp-content\/uploads\/2020\/02\/Wetter-in-Albanien-beste-Reisezeit-Reisebericht-1-200x150.jpg 200w, https:\/\/www.traveltelling.net\/wp-content\/uploads\/2020\/02\/Wetter-in-Albanien-beste-Reisezeit-Reisebericht-1-400x300.jpg 400w, https:\/\/www.traveltelling.net\/wp-content\/uploads\/2020\/02\/Wetter-in-Albanien-beste-Reisezeit-Reisebericht-1-600x450.jpg 600w, https:\/\/www.traveltelling.net\/wp-content\/uploads\/2020\/02\/Wetter-in-Albanien-beste-Reisezeit-Reisebericht-1-800x600.jpg 800w, https:\/\/www.traveltelling.net\/wp-content\/uploads\/2020\/02\/Wetter-in-Albanien-beste-Reisezeit-Reisebericht-1-1200x900.jpg 1200w, https:\/\/www.traveltelling.net\/wp-content\/uploads\/2020\/02\/Wetter-in-Albanien-beste-Reisezeit-Reisebericht-1.jpg 1600w\" data-sizes=\"auto\" \/><div class=\"fusion-rollover\">\n\t<div class=\"fusion-rollover-content\">\n\n\t\t\t\t\t\t\t\t\t\t\t\t\t\t<a class=\"fusion-rollover-link\" href=\"https:\/\/www.traveltelling.net\/de\/albanien-wetter-beste-reisezeit\/\">Wann ist die beste Reisezeit um nach Albanien zu reisen?<\/a>\n\t\t\t\n\t\t\t\t\t\t\t\t\t\t\t\t\t\t\n\t\t\t\t\t\t\t\t\n\t\t\t\t\t\t\t\t\t\t\t\t\t<div class=\"fusion-rollover-sep\"><\/div>\n\t\t\t\t\n\t\t\t\t\t\t\t\t\t\t\t\t\t\t\t\t\t\t<a class=\"fusion-rollover-gallery\" href=\"https:\/\/www.traveltelling.net\/wp-content\/uploads\/2020\/02\/Wetter-in-Albanien-beste-Reisezeit-Reisebericht-1.jpg\" data-options=\"\" data-id=\"15946\" data-rel=\"iLightbox[gallery]\" data-title=\"Wetter in Albanien - beste Reisezeit\" data-caption=\"\">\n\t\t\t\t\t\tGallerie\t\t\t\t\t<\/a>\n\t\t\t\t\t\t\t\t\t\t\t\t\t\t\n\t\t\n\t\t\t\t\t\t\t\t\t\t\t\t<h4 class=\"fusion-rollover-title\">\n\t\t\t\t\t<a class=\"fusion-rollover-title-link\" href=\"https:\/\/www.traveltelling.net\/de\/albanien-wetter-beste-reisezeit\/\">\n\t\t\t\t\t\tWann ist die beste Reisezeit um nach Albanien zu reisen?\t\t\t\t\t<\/a>\n\t\t\t\t<\/h4>\n\t\t\t\n\t\t\t\t\t\t\t\t\t\t<div class=\"fusion-rollover-categories\"><a href=\"https:\/\/www.traveltelling.net\/de\/category\/albanien-reise-urlaub\/\" rel=\"tag\">Albanien<\/a><\/div>\t\t\t\t\t\n\t\t\n\t\t\t\t\t\t<a class=\"fusion-link-wrapper\" href=\"https:\/\/www.traveltelling.net\/de\/albanien-wetter-beste-reisezeit\/\" aria-label=\"Wann ist die beste Reisezeit um nach Albanien zu reisen?\"><\/a>\n\t<\/div>\n<\/div>\n<\/div>\n<\/li>\n\t\t\t\n\t\t\t\n\t\t\t\t\t\t\t\t<\/ul>\n\t<\/div>\n\t<div class=\"fusion-post-content-wrapper\" style=\"padding:30px 25px 25px 25px;\"><div class=\"fusion-post-content post-content\"><h2 class=\"blog-shortcode-post-title entry-title\"><a href=\"https:\/\/www.traveltelling.net\/de\/albanien-wetter-beste-reisezeit\/\">Wann ist die beste Reisezeit um nach Albanien zu reisen?<\/a><\/h2><p class=\"fusion-single-line-meta\"><span class=\"updated\" style=\"display:none;\">2020-04-01T12:43:36+01:00<\/span>Von <span class=\"vcard\"><span class=\"fn\"><a href=\"https:\/\/www.traveltelling.net\/de\/author\/matthias\/\" title=\"Beitr\u00e4ge von Matthias\" rel=\"author\">Matthias<\/a><\/span><\/span><span class=\"fusion-inline-sep\">|<\/span>Kategorien: <a href=\"https:\/\/www.traveltelling.net\/de\/category\/albanien-reise-urlaub\/\" rel=\"category tag\">Albanien<\/a><span class=\"fusion-inline-sep\">|<\/span><\/p><div class=\"fusion-post-content-container\"><\/div><\/div><\/div><div class=\"fusion-clearfix\"><\/div><\/div>\n<\/article>\n<article id=\"blog-1-post-11438\" class=\"fusion-post-grid post-11438 post type-post status-publish format-video has-post-thumbnail hentry category-reise-nach-mazedonien post_format-post-format-video\">\n<div class=\"fusion-post-wrapper\" style=\"background-color:rgba(255,255,255,0);border:1px solid #393536;border-bottom-width:3px;\">\n\n\t\t\t<div class=\"fusion-flexslider flexslider fusion-flexslider-loading fusion-post-slideshow\" style=\"border-color:#393536;\">\n\t\t<ul class=\"slides\">\n\t\t\t\n\t\t\t\t\t\t\t\t\t\t\t\t\t\t<li><div  class=\"fusion-image-wrapper\" aria-haspopup=\"true\">\n\t\t\t\t<img decoding=\"async\" width=\"1200\" height=\"628\" src=\"https:\/\/www.traveltelling.net\/wp-content\/uploads\/2017\/06\/Dein-St\u00e4dtereise-Guide-f\u00fcr-Skopje-in-Mazedonien.jpg\" class=\"attachment-full size-full lazyload wp-post-image\" alt=\"Dein St\u00e4dtereise-Guide f\u00fcr Skopje, Mazedonien\" srcset=\"data:image\/svg+xml,%3Csvg%20xmlns%3D%27http%3A%2F%2Fwww.w3.org%2F2000%2Fsvg%27%20width%3D%271200%27%20height%3D%27628%27%20viewBox%3D%270%200%201200%20628%27%3E%3Crect%20width%3D%271200%27%20height%3D%27628%27%20fill-opacity%3D%220%22%2F%3E%3C%2Fsvg%3E\" data-orig-src=\"https:\/\/www.traveltelling.net\/wp-content\/uploads\/2017\/06\/Dein-St\u00e4dtereise-Guide-f\u00fcr-Skopje-in-Mazedonien.jpg\" data-srcset=\"https:\/\/www.traveltelling.net\/wp-content\/uploads\/2017\/06\/Dein-St\u00e4dtereise-Guide-f\u00fcr-Skopje-in-Mazedonien-200x105.jpg 200w, https:\/\/www.traveltelling.net\/wp-content\/uploads\/2017\/06\/Dein-St\u00e4dtereise-Guide-f\u00fcr-Skopje-in-Mazedonien-400x209.jpg 400w, https:\/\/www.traveltelling.net\/wp-content\/uploads\/2017\/06\/Dein-St\u00e4dtereise-Guide-f\u00fcr-Skopje-in-Mazedonien-600x314.jpg 600w, https:\/\/www.traveltelling.net\/wp-content\/uploads\/2017\/06\/Dein-St\u00e4dtereise-Guide-f\u00fcr-Skopje-in-Mazedonien-800x419.jpg 800w, https:\/\/www.traveltelling.net\/wp-content\/uploads\/2017\/06\/Dein-St\u00e4dtereise-Guide-f\u00fcr-Skopje-in-Mazedonien.jpg 1200w\" data-sizes=\"auto\" \/><div class=\"fusion-rollover\">\n\t<div class=\"fusion-rollover-content\">\n\n\t\t\t\t\t\t\t\t\t\t\t\t\t\t<a class=\"fusion-rollover-link\" href=\"https:\/\/www.traveltelling.net\/de\/mazedonien-skopje-sehenswuerdigkeiten-tipps-urlaub-reise-staedtetrip\/\">Langsam Reisen: Dein Skopje Reiseguide<\/a>\n\t\t\t\n\t\t\t\t\t\t\t\t\t\t\t\t\t\t\n\t\t\t\t\t\t\t\t\n\t\t\t\t\t\t\t\t\t\t\t\t\t<div class=\"fusion-rollover-sep\"><\/div>\n\t\t\t\t\n\t\t\t\t\t\t\t\t\t\t\t\t\t\t\t\t\t\t<a class=\"fusion-rollover-gallery\" href=\"https:\/\/www.traveltelling.net\/wp-content\/uploads\/2017\/06\/Dein-St\u00e4dtereise-Guide-f\u00fcr-Skopje-in-Mazedonien.jpg\" data-options=\"\" data-id=\"11438\" data-rel=\"iLightbox[gallery]\" data-title=\"Dein St\u00e4dtereise-Guide f\u00fcr Skopje, Mazedonien\" data-caption=\"\">\n\t\t\t\t\t\tGallerie\t\t\t\t\t<\/a>\n\t\t\t\t\t\t\t\t\t\t\t\t\t\t\n\t\t\n\t\t\t\t\t\t\t\t\t\t\t\t<h4 class=\"fusion-rollover-title\">\n\t\t\t\t\t<a class=\"fusion-rollover-title-link\" href=\"https:\/\/www.traveltelling.net\/de\/mazedonien-skopje-sehenswuerdigkeiten-tipps-urlaub-reise-staedtetrip\/\">\n\t\t\t\t\t\tLangsam Reisen: Dein Skopje Reiseguide\t\t\t\t\t<\/a>\n\t\t\t\t<\/h4>\n\t\t\t\n\t\t\t\t\t\t\t\t\t\t<div class=\"fusion-rollover-categories\"><a href=\"https:\/\/www.traveltelling.net\/de\/category\/reise-nach-mazedonien\/\" rel=\"tag\">Mazedonien<\/a><\/div>\t\t\t\t\t\n\t\t\n\t\t\t\t\t\t<a class=\"fusion-link-wrapper\" href=\"https:\/\/www.traveltelling.net\/de\/mazedonien-skopje-sehenswuerdigkeiten-tipps-urlaub-reise-staedtetrip\/\" aria-label=\"Langsam Reisen: Dein Skopje Reiseguide\"><\/a>\n\t<\/div>\n<\/div>\n<\/div>\n<\/li>\n\t\t\t\n\t\t\t\n\t\t\t\t\t\t\t\t<\/ul>\n\t<\/div>\n\t<div class=\"fusion-post-content-wrapper\" style=\"padding:30px 25px 25px 25px;\"><div class=\"fusion-post-content post-content\"><h2 class=\"blog-shortcode-post-title entry-title\"><a href=\"https:\/\/www.traveltelling.net\/de\/mazedonien-skopje-sehenswuerdigkeiten-tipps-urlaub-reise-staedtetrip\/\">Langsam Reisen: Dein Skopje Reiseguide<\/a><\/h2><p class=\"fusion-single-line-meta\"><span class=\"updated\" style=\"display:none;\">2020-07-08T13:20:46+01:00<\/span>Von <span class=\"vcard\"><span class=\"fn\"><a href=\"https:\/\/www.traveltelling.net\/de\/author\/matthias\/\" title=\"Beitr\u00e4ge von Matthias\" rel=\"author\">Matthias<\/a><\/span><\/span><span class=\"fusion-inline-sep\">|<\/span>Kategorien: <a href=\"https:\/\/www.traveltelling.net\/de\/category\/reise-nach-mazedonien\/\" rel=\"category tag\">Mazedonien<\/a><span class=\"fusion-inline-sep\">|<\/span><\/p><div class=\"fusion-post-content-container\"><\/div><\/div><\/div><div class=\"fusion-clearfix\"><\/div><\/div>\n<\/article>\n<article id=\"blog-1-post-15457\" class=\"fusion-post-grid post-15457 post type-post status-publish format-standard has-post-thumbnail hentry category-bulgarien\">\n<div class=\"fusion-post-wrapper\" style=\"background-color:rgba(255,255,255,0);border:1px solid #393536;border-bottom-width:3px;\">\n\n\t\t\t<div class=\"fusion-flexslider flexslider fusion-flexslider-loading fusion-post-slideshow\" style=\"border-color:#393536;\">\n\t\t<ul class=\"slides\">\n\t\t\t\n\t\t\t\t\t\t\t\t\t\t\t\t\t\t<li><div  class=\"fusion-image-wrapper\" aria-haspopup=\"true\">\n\t\t\t\t<img decoding=\"async\" width=\"1200\" height=\"628\" src=\"https:\/\/www.traveltelling.net\/wp-content\/uploads\/2019\/08\/15-Highlights-f\u00fcr-deine-Reise-nach-Bulgarien.jpg\" class=\"attachment-full size-full lazyload wp-post-image\" alt=\"15 Highlights f\u00fcr deine Reise nach Bulgarien\" srcset=\"data:image\/svg+xml,%3Csvg%20xmlns%3D%27http%3A%2F%2Fwww.w3.org%2F2000%2Fsvg%27%20width%3D%271200%27%20height%3D%27628%27%20viewBox%3D%270%200%201200%20628%27%3E%3Crect%20width%3D%271200%27%20height%3D%27628%27%20fill-opacity%3D%220%22%2F%3E%3C%2Fsvg%3E\" data-orig-src=\"https:\/\/www.traveltelling.net\/wp-content\/uploads\/2019\/08\/15-Highlights-f\u00fcr-deine-Reise-nach-Bulgarien.jpg\" data-srcset=\"https:\/\/www.traveltelling.net\/wp-content\/uploads\/2019\/08\/15-Highlights-f\u00fcr-deine-Reise-nach-Bulgarien-200x105.jpg 200w, https:\/\/www.traveltelling.net\/wp-content\/uploads\/2019\/08\/15-Highlights-f\u00fcr-deine-Reise-nach-Bulgarien-400x209.jpg 400w, https:\/\/www.traveltelling.net\/wp-content\/uploads\/2019\/08\/15-Highlights-f\u00fcr-deine-Reise-nach-Bulgarien-600x314.jpg 600w, https:\/\/www.traveltelling.net\/wp-content\/uploads\/2019\/08\/15-Highlights-f\u00fcr-deine-Reise-nach-Bulgarien-800x419.jpg 800w, https:\/\/www.traveltelling.net\/wp-content\/uploads\/2019\/08\/15-Highlights-f\u00fcr-deine-Reise-nach-Bulgarien.jpg 1200w\" data-sizes=\"auto\" \/><div class=\"fusion-rollover\">\n\t<div class=\"fusion-rollover-content\">\n\n\t\t\t\t\t\t\t\t\t\t\t\t\t\t<a class=\"fusion-rollover-link\" href=\"https:\/\/www.traveltelling.net\/de\/bulgarien-urlaub-highlights-geheimtipps-sehenswuerdigkeiten\/\">15 atemberaubende Highlights f\u00fcr deine Reise durch Bulgarien<\/a>\n\t\t\t\n\t\t\t\t\t\t\t\t\t\t\t\t\t\t\n\t\t\t\t\t\t\t\t\n\t\t\t\t\t\t\t\t\t\t\t\t\t<div class=\"fusion-rollover-sep\"><\/div>\n\t\t\t\t\n\t\t\t\t\t\t\t\t\t\t\t\t\t\t\t\t\t\t<a class=\"fusion-rollover-gallery\" href=\"https:\/\/www.traveltelling.net\/wp-content\/uploads\/2019\/08\/15-Highlights-f\u00fcr-deine-Reise-nach-Bulgarien.jpg\" data-options=\"\" data-id=\"15457\" data-rel=\"iLightbox[gallery]\" data-title=\"15 Highlights f\u00fcr deine Reise nach Bulgarien\" data-caption=\"\">\n\t\t\t\t\t\tGallerie\t\t\t\t\t<\/a>\n\t\t\t\t\t\t\t\t\t\t\t\t\t\t\n\t\t\n\t\t\t\t\t\t\t\t\t\t\t\t<h4 class=\"fusion-rollover-title\">\n\t\t\t\t\t<a class=\"fusion-rollover-title-link\" href=\"https:\/\/www.traveltelling.net\/de\/bulgarien-urlaub-highlights-geheimtipps-sehenswuerdigkeiten\/\">\n\t\t\t\t\t\t15 atemberaubende Highlights f\u00fcr deine Reise durch Bulgarien\t\t\t\t\t<\/a>\n\t\t\t\t<\/h4>\n\t\t\t\n\t\t\t\t\t\t\t\t\t\t<div class=\"fusion-rollover-categories\"><a href=\"https:\/\/www.traveltelling.net\/de\/category\/bulgarien\/\" rel=\"tag\">Bulgarien<\/a><\/div>\t\t\t\t\t\n\t\t\n\t\t\t\t\t\t<a class=\"fusion-link-wrapper\" href=\"https:\/\/www.traveltelling.net\/de\/bulgarien-urlaub-highlights-geheimtipps-sehenswuerdigkeiten\/\" aria-label=\"15 atemberaubende Highlights f\u00fcr deine Reise durch Bulgarien\"><\/a>\n\t<\/div>\n<\/div>\n<\/div>\n<\/li>\n\t\t\t\n\t\t\t\n\t\t\t\t\t\t\t\t<\/ul>\n\t<\/div>\n\t<div class=\"fusion-post-content-wrapper\" style=\"padding:30px 25px 25px 25px;\"><div class=\"fusion-post-content post-content\"><h2 class=\"blog-shortcode-post-title entry-title\"><a href=\"https:\/\/www.traveltelling.net\/de\/bulgarien-urlaub-highlights-geheimtipps-sehenswuerdigkeiten\/\">15 atemberaubende Highlights f\u00fcr deine Reise durch Bulgarien<\/a><\/h2><p class=\"fusion-single-line-meta\"><span class=\"updated\" style=\"display:none;\">2022-08-12T08:13:41+01:00<\/span>Von <span class=\"vcard\"><span class=\"fn\"><a href=\"https:\/\/www.traveltelling.net\/de\/author\/matthias\/\" title=\"Beitr\u00e4ge von Matthias\" rel=\"author\">Matthias<\/a><\/span><\/span><span class=\"fusion-inline-sep\">|<\/span>Kategorien: <a href=\"https:\/\/www.traveltelling.net\/de\/category\/bulgarien\/\" rel=\"category tag\">Bulgarien<\/a><span class=\"fusion-inline-sep\">|<\/span><\/p><div class=\"fusion-post-content-container\"><\/div><\/div><\/div><div class=\"fusion-clearfix\"><\/div><\/div>\n<\/article>\n<article id=\"blog-1-post-15018\" class=\"fusion-post-grid post-15018 post type-post status-publish format-standard has-post-thumbnail hentry category-albanien-reise-urlaub category-begegnungen tag-radreise\">\n<div class=\"fusion-post-wrapper\" style=\"background-color:rgba(255,255,255,0);border:1px solid #393536;border-bottom-width:3px;\">\n\n\t\t\t<div class=\"fusion-flexslider flexslider fusion-flexslider-loading fusion-post-slideshow\" style=\"border-color:#393536;\">\n\t\t<ul class=\"slides\">\n\t\t\t\n\t\t\t\t\t\t\t\t\t\t\t\t\t\t<li><div  class=\"fusion-image-wrapper\" aria-haspopup=\"true\">\n\t\t\t\t<img decoding=\"async\" width=\"1600\" height=\"1200\" src=\"https:\/\/www.traveltelling.net\/wp-content\/uploads\/2019\/05\/IMG_0190.jpg\" class=\"attachment-full size-full lazyload wp-post-image\" alt=\"\" srcset=\"data:image\/svg+xml,%3Csvg%20xmlns%3D%27http%3A%2F%2Fwww.w3.org%2F2000%2Fsvg%27%20width%3D%271600%27%20height%3D%271200%27%20viewBox%3D%270%200%201600%201200%27%3E%3Crect%20width%3D%271600%27%20height%3D%271200%27%20fill-opacity%3D%220%22%2F%3E%3C%2Fsvg%3E\" data-orig-src=\"https:\/\/www.traveltelling.net\/wp-content\/uploads\/2019\/05\/IMG_0190.jpg\" data-srcset=\"https:\/\/www.traveltelling.net\/wp-content\/uploads\/2019\/05\/IMG_0190-200x150.jpg 200w, https:\/\/www.traveltelling.net\/wp-content\/uploads\/2019\/05\/IMG_0190-400x300.jpg 400w, https:\/\/www.traveltelling.net\/wp-content\/uploads\/2019\/05\/IMG_0190-600x450.jpg 600w, https:\/\/www.traveltelling.net\/wp-content\/uploads\/2019\/05\/IMG_0190-800x600.jpg 800w, https:\/\/www.traveltelling.net\/wp-content\/uploads\/2019\/05\/IMG_0190-1200x900.jpg 1200w, https:\/\/www.traveltelling.net\/wp-content\/uploads\/2019\/05\/IMG_0190.jpg 1600w\" data-sizes=\"auto\" \/><div class=\"fusion-rollover\">\n\t<div class=\"fusion-rollover-content\">\n\n\t\t\t\t\t\t\t\t\t\t\t\t\t\t<a class=\"fusion-rollover-link\" href=\"https:\/\/www.traveltelling.net\/de\/tipps-fahrrad-reise-albanien\/\">Radreise durch Albanien &#8211; Individuell oder mit einem Reiseveranstalter?<\/a>\n\t\t\t\n\t\t\t\t\t\t\t\t\t\t\t\t\t\t\n\t\t\t\t\t\t\t\t\n\t\t\t\t\t\t\t\t\t\t\t\t\t<div class=\"fusion-rollover-sep\"><\/div>\n\t\t\t\t\n\t\t\t\t\t\t\t\t\t\t\t\t\t\t\t\t\t\t<a class=\"fusion-rollover-gallery\" href=\"https:\/\/www.traveltelling.net\/wp-content\/uploads\/2019\/05\/IMG_0190.jpg\" data-options=\"\" data-id=\"15018\" data-rel=\"iLightbox[gallery]\" data-title=\"Albanien\" data-caption=\"\">\n\t\t\t\t\t\tGallerie\t\t\t\t\t<\/a>\n\t\t\t\t\t\t\t\t\t\t\t\t\t\t\n\t\t\n\t\t\t\t\t\t\t\t\t\t\t\t<h4 class=\"fusion-rollover-title\">\n\t\t\t\t\t<a class=\"fusion-rollover-title-link\" href=\"https:\/\/www.traveltelling.net\/de\/tipps-fahrrad-reise-albanien\/\">\n\t\t\t\t\t\tRadreise durch Albanien &#8211; Individuell oder mit einem Reiseveranstalter?\t\t\t\t\t<\/a>\n\t\t\t\t<\/h4>\n\t\t\t\n\t\t\t\t\t\t\t\t\t\t<div class=\"fusion-rollover-categories\"><a href=\"https:\/\/www.traveltelling.net\/de\/category\/albanien-reise-urlaub\/\" rel=\"tag\">Albanien<\/a>, <a href=\"https:\/\/www.traveltelling.net\/de\/category\/begegnungen\/\" rel=\"tag\">Interviews<\/a><\/div>\t\t\t\t\t\n\t\t\n\t\t\t\t\t\t<a class=\"fusion-link-wrapper\" href=\"https:\/\/www.traveltelling.net\/de\/tipps-fahrrad-reise-albanien\/\" aria-label=\"Radreise durch Albanien &#8211; Individuell oder mit einem Reiseveranstalter?\"><\/a>\n\t<\/div>\n<\/div>\n<\/div>\n<\/li>\n\t\t\t\n\t\t\t\n\t\t\t\t\t\t\t\t<\/ul>\n\t<\/div>\n\t<div class=\"fusion-post-content-wrapper\" style=\"padding:30px 25px 25px 25px;\"><div class=\"fusion-post-content post-content\"><h2 class=\"blog-shortcode-post-title entry-title\"><a href=\"https:\/\/www.traveltelling.net\/de\/tipps-fahrrad-reise-albanien\/\">Radreise durch Albanien &#8211; Individuell oder mit einem Reiseveranstalter?<\/a><\/h2><p class=\"fusion-single-line-meta\"><span class=\"updated\" style=\"display:none;\">2020-07-08T13:33:44+01:00<\/span>Von <span class=\"vcard\"><span class=\"fn\"><a href=\"https:\/\/www.traveltelling.net\/de\/author\/matthias\/\" title=\"Beitr\u00e4ge von Matthias\" rel=\"author\">Matthias<\/a><\/span><\/span><span class=\"fusion-inline-sep\">|<\/span>Kategorien: <a href=\"https:\/\/www.traveltelling.net\/de\/category\/albanien-reise-urlaub\/\" rel=\"category tag\">Albanien<\/a>, <a href=\"https:\/\/www.traveltelling.net\/de\/category\/begegnungen\/\" rel=\"category tag\">Interviews<\/a><span class=\"fusion-inline-sep\">|<\/span><span class=\"meta-tags\">Schlagw&ouml;rter: <a href=\"https:\/\/www.traveltelling.net\/de\/tag\/radreise\/\" rel=\"tag\">Radreise<\/a><\/span><span class=\"fusion-inline-sep\">|<\/span><\/p><div class=\"fusion-post-content-container\"><\/div><\/div><\/div><div class=\"fusion-clearfix\"><\/div><\/div>\n<\/article>\n<article id=\"blog-1-post-12854\" class=\"fusion-post-grid post-12854 post type-post status-publish format-image has-post-thumbnail hentry category-begegnungen category-montenegro-urlaub post_format-post-format-image\">\n<div class=\"fusion-post-wrapper\" style=\"background-color:rgba(255,255,255,0);border:1px solid #393536;border-bottom-width:3px;\">\n\n\t\t\t<div class=\"fusion-flexslider flexslider fusion-flexslider-loading fusion-post-slideshow\" style=\"border-color:#393536;\">\n\t\t<ul class=\"slides\">\n\t\t\t\n\t\t\t\t\t\t\t\t\t\t\t\t\t\t<li><div  class=\"fusion-image-wrapper\" aria-haspopup=\"true\">\n\t\t\t\t<img decoding=\"async\" width=\"1200\" height=\"628\" src=\"https:\/\/www.traveltelling.net\/wp-content\/uploads\/2018\/06\/Interview-mit-Michael-Bader-aus-Montenegro.jpg\" class=\"attachment-full size-full lazyload wp-post-image\" alt=\"Interview mit Montenegro Experte Michael Bader\" srcset=\"data:image\/svg+xml,%3Csvg%20xmlns%3D%27http%3A%2F%2Fwww.w3.org%2F2000%2Fsvg%27%20width%3D%271200%27%20height%3D%27628%27%20viewBox%3D%270%200%201200%20628%27%3E%3Crect%20width%3D%271200%27%20height%3D%27628%27%20fill-opacity%3D%220%22%2F%3E%3C%2Fsvg%3E\" data-orig-src=\"https:\/\/www.traveltelling.net\/wp-content\/uploads\/2018\/06\/Interview-mit-Michael-Bader-aus-Montenegro.jpg\" data-srcset=\"https:\/\/www.traveltelling.net\/wp-content\/uploads\/2018\/06\/Interview-mit-Michael-Bader-aus-Montenegro-200x105.jpg 200w, https:\/\/www.traveltelling.net\/wp-content\/uploads\/2018\/06\/Interview-mit-Michael-Bader-aus-Montenegro-400x209.jpg 400w, https:\/\/www.traveltelling.net\/wp-content\/uploads\/2018\/06\/Interview-mit-Michael-Bader-aus-Montenegro-600x314.jpg 600w, https:\/\/www.traveltelling.net\/wp-content\/uploads\/2018\/06\/Interview-mit-Michael-Bader-aus-Montenegro-800x419.jpg 800w, https:\/\/www.traveltelling.net\/wp-content\/uploads\/2018\/06\/Interview-mit-Michael-Bader-aus-Montenegro.jpg 1200w\" data-sizes=\"auto\" \/><div class=\"fusion-rollover\">\n\t<div class=\"fusion-rollover-content\">\n\n\t\t\t\t\t\t\t\t\t\t\t\t\t\t<a class=\"fusion-rollover-link\" href=\"https:\/\/www.traveltelling.net\/de\/interview-montenegro-urlaub-reise-experte-michael-bader\/\">&#8222;Reiner Zufall! Das war nicht geplant.&#8220; &#8211; Michael lebt seit 12 Jahren in Montenegro<\/a>\n\t\t\t\n\t\t\t\t\t\t\t\t\t\t\t\t\t\t\n\t\t\t\t\t\t\t\t\n\t\t\t\t\t\t\t\t\t\t\t\t\t<div class=\"fusion-rollover-sep\"><\/div>\n\t\t\t\t\n\t\t\t\t\t\t\t\t\t\t\t\t\t\t\t\t\t\t<a class=\"fusion-rollover-gallery\" href=\"https:\/\/www.traveltelling.net\/wp-content\/uploads\/2018\/06\/Interview-mit-Michael-Bader-aus-Montenegro.jpg\" data-options=\"\" data-id=\"12854\" data-rel=\"iLightbox[gallery]\" data-title=\"Interview mit Michael Bader aus Montenegro\" data-caption=\"\">\n\t\t\t\t\t\tGallerie\t\t\t\t\t<\/a>\n\t\t\t\t\t\t\t\t\t\t\t\t\t\t\n\t\t\n\t\t\t\t\t\t\t\t\t\t\t\t<h4 class=\"fusion-rollover-title\">\n\t\t\t\t\t<a class=\"fusion-rollover-title-link\" href=\"https:\/\/www.traveltelling.net\/de\/interview-montenegro-urlaub-reise-experte-michael-bader\/\">\n\t\t\t\t\t\t&#8222;Reiner Zufall! Das war nicht geplant.&#8220; &#8211; Michael lebt seit 12 Jahren in Montenegro\t\t\t\t\t<\/a>\n\t\t\t\t<\/h4>\n\t\t\t\n\t\t\t\t\t\t\t\t\t\t<div class=\"fusion-rollover-categories\"><a href=\"https:\/\/www.traveltelling.net\/de\/category\/begegnungen\/\" rel=\"tag\">Interviews<\/a>, <a href=\"https:\/\/www.traveltelling.net\/de\/category\/montenegro-urlaub\/\" rel=\"tag\">Montenegro<\/a><\/div>\t\t\t\t\t\n\t\t\n\t\t\t\t\t\t<a class=\"fusion-link-wrapper\" href=\"https:\/\/www.traveltelling.net\/de\/interview-montenegro-urlaub-reise-experte-michael-bader\/\" aria-label=\"&#8222;Reiner Zufall! Das war nicht geplant.&#8220; &#8211; Michael lebt seit 12 Jahren in Montenegro\"><\/a>\n\t<\/div>\n<\/div>\n<\/div>\n<\/li>\n\t\t\t\n\t\t\t\n\t\t\t\t\t\t\t\t<\/ul>\n\t<\/div>\n\t<div class=\"fusion-post-content-wrapper\" style=\"padding:30px 25px 25px 25px;\"><div class=\"fusion-post-content post-content\"><h2 class=\"blog-shortcode-post-title entry-title\"><a href=\"https:\/\/www.traveltelling.net\/de\/interview-montenegro-urlaub-reise-experte-michael-bader\/\">&#8222;Reiner Zufall! Das war nicht geplant.&#8220; &#8211; Michael lebt seit 12 Jahren in Montenegro<\/a><\/h2><p class=\"fusion-single-line-meta\"><span class=\"updated\" style=\"display:none;\">2025-08-13T08:57:00+01:00<\/span>Von <span class=\"vcard\"><span class=\"fn\"><a href=\"https:\/\/www.traveltelling.net\/de\/author\/matthias\/\" title=\"Beitr\u00e4ge von Matthias\" rel=\"author\">Matthias<\/a><\/span><\/span><span class=\"fusion-inline-sep\">|<\/span>Kategorien: <a href=\"https:\/\/www.traveltelling.net\/de\/category\/begegnungen\/\" rel=\"category tag\">Interviews<\/a>, <a href=\"https:\/\/www.traveltelling.net\/de\/category\/montenegro-urlaub\/\" rel=\"category tag\">Montenegro<\/a><span class=\"fusion-inline-sep\">|<\/span><\/p><div class=\"fusion-post-content-container\"><\/div><\/div><\/div><div class=\"fusion-clearfix\"><\/div><\/div>\n<\/article>\n<article id=\"blog-1-post-12782\" class=\"fusion-post-grid post-12782 post type-post status-publish format-image has-post-thumbnail hentry category-montenegro-urlaub post_format-post-format-image\">\n<div class=\"fusion-post-wrapper\" style=\"background-color:rgba(255,255,255,0);border:1px solid #393536;border-bottom-width:3px;\">\n\n\t\t\t<div class=\"fusion-flexslider flexslider fusion-flexslider-loading fusion-post-slideshow\" style=\"border-color:#393536;\">\n\t\t<ul class=\"slides\">\n\t\t\t\n\t\t\t\t\t\t\t\t\t\t\t\t\t\t<li><div  class=\"fusion-image-wrapper\" aria-haspopup=\"true\">\n\t\t\t\t<img decoding=\"async\" width=\"1200\" height=\"628\" src=\"https:\/\/www.traveltelling.net\/wp-content\/uploads\/2018\/05\/Montenegro.jpg\" class=\"attachment-full size-full lazyload wp-post-image\" alt=\"Montenegro Reisebericht\" srcset=\"data:image\/svg+xml,%3Csvg%20xmlns%3D%27http%3A%2F%2Fwww.w3.org%2F2000%2Fsvg%27%20width%3D%271200%27%20height%3D%27628%27%20viewBox%3D%270%200%201200%20628%27%3E%3Crect%20width%3D%271200%27%20height%3D%27628%27%20fill-opacity%3D%220%22%2F%3E%3C%2Fsvg%3E\" data-orig-src=\"https:\/\/www.traveltelling.net\/wp-content\/uploads\/2018\/05\/Montenegro.jpg\" data-srcset=\"https:\/\/www.traveltelling.net\/wp-content\/uploads\/2018\/05\/Montenegro-200x105.jpg 200w, https:\/\/www.traveltelling.net\/wp-content\/uploads\/2018\/05\/Montenegro-400x209.jpg 400w, https:\/\/www.traveltelling.net\/wp-content\/uploads\/2018\/05\/Montenegro-600x314.jpg 600w, https:\/\/www.traveltelling.net\/wp-content\/uploads\/2018\/05\/Montenegro-800x419.jpg 800w, https:\/\/www.traveltelling.net\/wp-content\/uploads\/2018\/05\/Montenegro.jpg 1200w\" data-sizes=\"auto\" \/><div class=\"fusion-rollover\">\n\t<div class=\"fusion-rollover-content\">\n\n\t\t\t\t\t\t\t\t\t\t\t\t\t\t<a class=\"fusion-rollover-link\" href=\"https:\/\/www.traveltelling.net\/de\/montenegro-highlights-geheim-tipps-aktiv-reise-und-urlaub\/\">Urlaubstipp fernab der Masse: Montenegro im Mai<\/a>\n\t\t\t\n\t\t\t\t\t\t\t\t\t\t\t\t\t\t\n\t\t\t\t\t\t\t\t\n\t\t\t\t\t\t\t\t\t\t\t\t\t<div class=\"fusion-rollover-sep\"><\/div>\n\t\t\t\t\n\t\t\t\t\t\t\t\t\t\t\t\t\t\t\t\t\t\t<a class=\"fusion-rollover-gallery\" href=\"https:\/\/www.traveltelling.net\/wp-content\/uploads\/2018\/05\/Montenegro.jpg\" data-options=\"\" data-id=\"12782\" data-rel=\"iLightbox[gallery]\" data-title=\"Montenegro Reisebericht\" data-caption=\"\">\n\t\t\t\t\t\tGallerie\t\t\t\t\t<\/a>\n\t\t\t\t\t\t\t\t\t\t\t\t\t\t\n\t\t\n\t\t\t\t\t\t\t\t\t\t\t\t<h4 class=\"fusion-rollover-title\">\n\t\t\t\t\t<a class=\"fusion-rollover-title-link\" href=\"https:\/\/www.traveltelling.net\/de\/montenegro-highlights-geheim-tipps-aktiv-reise-und-urlaub\/\">\n\t\t\t\t\t\tUrlaubstipp fernab der Masse: Montenegro im Mai\t\t\t\t\t<\/a>\n\t\t\t\t<\/h4>\n\t\t\t\n\t\t\t\t\t\t\t\t\t\t<div class=\"fusion-rollover-categories\"><a href=\"https:\/\/www.traveltelling.net\/de\/category\/montenegro-urlaub\/\" rel=\"tag\">Montenegro<\/a><\/div>\t\t\t\t\t\n\t\t\n\t\t\t\t\t\t<a class=\"fusion-link-wrapper\" href=\"https:\/\/www.traveltelling.net\/de\/montenegro-highlights-geheim-tipps-aktiv-reise-und-urlaub\/\" aria-label=\"Urlaubstipp fernab der Masse: Montenegro im Mai\"><\/a>\n\t<\/div>\n<\/div>\n<\/div>\n<\/li>\n\t\t\t\n\t\t\t\n\t\t\t\t\t\t\t\t<\/ul>\n\t<\/div>\n\t<div class=\"fusion-post-content-wrapper\" style=\"padding:30px 25px 25px 25px;\"><div class=\"fusion-post-content post-content\"><h2 class=\"blog-shortcode-post-title entry-title\"><a href=\"https:\/\/www.traveltelling.net\/de\/montenegro-highlights-geheim-tipps-aktiv-reise-und-urlaub\/\">Urlaubstipp fernab der Masse: Montenegro im Mai<\/a><\/h2><p class=\"fusion-single-line-meta\"><span class=\"updated\" style=\"display:none;\">2022-07-14T08:56:59+01:00<\/span>Von <span class=\"vcard\"><span class=\"fn\"><a href=\"https:\/\/www.traveltelling.net\/de\/author\/matthias\/\" title=\"Beitr\u00e4ge von Matthias\" rel=\"author\">Matthias<\/a><\/span><\/span><span class=\"fusion-inline-sep\">|<\/span>Kategorien: <a href=\"https:\/\/www.traveltelling.net\/de\/category\/montenegro-urlaub\/\" rel=\"category tag\">Montenegro<\/a><span class=\"fusion-inline-sep\">|<\/span><\/p><div class=\"fusion-post-content-container\"><\/div><\/div><\/div><div class=\"fusion-clearfix\"><\/div><\/div>\n<\/article>\n<article id=\"blog-1-post-12694\" class=\"fusion-post-grid post-12694 post type-post status-publish format-image has-post-thumbnail hentry category-rumaenien tag-donauradweg tag-radreise post_format-post-format-image\">\n<div class=\"fusion-post-wrapper\" style=\"background-color:rgba(255,255,255,0);border:1px solid #393536;border-bottom-width:3px;\">\n\n\t\t\t<div class=\"fusion-flexslider flexslider fusion-flexslider-loading fusion-post-slideshow\" style=\"border-color:#393536;\">\n\t\t<ul class=\"slides\">\n\t\t\t\n\t\t\t\t\t\t\t\t\t\t\t\t\t\t<li><div  class=\"fusion-image-wrapper\" aria-haspopup=\"true\">\n\t\t\t\t<img decoding=\"async\" width=\"1200\" height=\"630\" src=\"https:\/\/www.traveltelling.net\/wp-content\/uploads\/2018\/03\/Kapitel-2.28_-Rum\u00e4nien.jpg\" class=\"attachment-full size-full lazyload wp-post-image\" alt=\"Buch: Kapitel 2.28: Rum\u00e4nien\" srcset=\"data:image\/svg+xml,%3Csvg%20xmlns%3D%27http%3A%2F%2Fwww.w3.org%2F2000%2Fsvg%27%20width%3D%271200%27%20height%3D%27630%27%20viewBox%3D%270%200%201200%20630%27%3E%3Crect%20width%3D%271200%27%20height%3D%27630%27%20fill-opacity%3D%220%22%2F%3E%3C%2Fsvg%3E\" data-orig-src=\"https:\/\/www.traveltelling.net\/wp-content\/uploads\/2018\/03\/Kapitel-2.28_-Rum\u00e4nien.jpg\" data-srcset=\"https:\/\/www.traveltelling.net\/wp-content\/uploads\/2018\/03\/Kapitel-2.28_-Rum\u00e4nien-200x105.jpg 200w, https:\/\/www.traveltelling.net\/wp-content\/uploads\/2018\/03\/Kapitel-2.28_-Rum\u00e4nien-400x210.jpg 400w, https:\/\/www.traveltelling.net\/wp-content\/uploads\/2018\/03\/Kapitel-2.28_-Rum\u00e4nien-600x315.jpg 600w, https:\/\/www.traveltelling.net\/wp-content\/uploads\/2018\/03\/Kapitel-2.28_-Rum\u00e4nien-800x420.jpg 800w, https:\/\/www.traveltelling.net\/wp-content\/uploads\/2018\/03\/Kapitel-2.28_-Rum\u00e4nien.jpg 1200w\" data-sizes=\"auto\" \/><div class=\"fusion-rollover\">\n\t<div class=\"fusion-rollover-content\">\n\n\t\t\t\t\t\t\t\t\t\t\t\t\t\t<a class=\"fusion-rollover-link\" href=\"https:\/\/www.traveltelling.net\/de\/rumaenien-reise-erfahrungsbericht-reise-zug-fahrrad-auto-road-trip\/\">Buchausz\u00fcge als Reiseguides: Kapitel 2.28 &#8222;Endlich in Transsilvanien&#8220;<\/a>\n\t\t\t\n\t\t\t\t\t\t\t\t\t\t\t\t\t\t\n\t\t\t\t\t\t\t\t\n\t\t\t\t\t\t\t\t\t\t\t\t\t<div class=\"fusion-rollover-sep\"><\/div>\n\t\t\t\t\n\t\t\t\t\t\t\t\t\t\t\t\t\t\t\t\t\t\t<a class=\"fusion-rollover-gallery\" href=\"https:\/\/www.traveltelling.net\/wp-content\/uploads\/2018\/03\/Kapitel-2.28_-Rum\u00e4nien.jpg\" data-options=\"\" data-id=\"12694\" data-rel=\"iLightbox[gallery]\" data-title=\"Buch: Kapitel 2.28: Rum\u00e4nien\" data-caption=\"\">\n\t\t\t\t\t\tGallerie\t\t\t\t\t<\/a>\n\t\t\t\t\t\t\t\t\t\t\t\t\t\t\n\t\t\n\t\t\t\t\t\t\t\t\t\t\t\t<h4 class=\"fusion-rollover-title\">\n\t\t\t\t\t<a class=\"fusion-rollover-title-link\" href=\"https:\/\/www.traveltelling.net\/de\/rumaenien-reise-erfahrungsbericht-reise-zug-fahrrad-auto-road-trip\/\">\n\t\t\t\t\t\tBuchausz\u00fcge als Reiseguides: Kapitel 2.28 &#8222;Endlich in Transsilvanien&#8220;\t\t\t\t\t<\/a>\n\t\t\t\t<\/h4>\n\t\t\t\n\t\t\t\t\t\t\t\t\t\t<div class=\"fusion-rollover-categories\"><a href=\"https:\/\/www.traveltelling.net\/de\/category\/rumaenien\/\" rel=\"tag\">Rum\u00e4nien<\/a><\/div>\t\t\t\t\t\n\t\t\n\t\t\t\t\t\t<a class=\"fusion-link-wrapper\" href=\"https:\/\/www.traveltelling.net\/de\/rumaenien-reise-erfahrungsbericht-reise-zug-fahrrad-auto-road-trip\/\" aria-label=\"Buchausz\u00fcge als Reiseguides: Kapitel 2.28 &#8222;Endlich in Transsilvanien&#8220;\"><\/a>\n\t<\/div>\n<\/div>\n<\/div>\n<\/li>\n\t\t\t\n\t\t\t\n\t\t\t\t\t\t\t\t<\/ul>\n\t<\/div>\n\t<div class=\"fusion-post-content-wrapper\" style=\"padding:30px 25px 25px 25px;\"><div class=\"fusion-post-content post-content\"><h2 class=\"blog-shortcode-post-title entry-title\"><a href=\"https:\/\/www.traveltelling.net\/de\/rumaenien-reise-erfahrungsbericht-reise-zug-fahrrad-auto-road-trip\/\">Buchausz\u00fcge als Reiseguides: Kapitel 2.28 &#8222;Endlich in Transsilvanien&#8220;<\/a><\/h2><p class=\"fusion-single-line-meta\"><span class=\"updated\" style=\"display:none;\">2022-07-14T08:45:13+01:00<\/span>Von <span class=\"vcard\"><span class=\"fn\"><a href=\"https:\/\/www.traveltelling.net\/de\/author\/matthias\/\" title=\"Beitr\u00e4ge von Matthias\" rel=\"author\">Matthias<\/a><\/span><\/span><span class=\"fusion-inline-sep\">|<\/span>Kategorien: <a href=\"https:\/\/www.traveltelling.net\/de\/category\/rumaenien\/\" rel=\"category tag\">Rum\u00e4nien<\/a><span class=\"fusion-inline-sep\">|<\/span><span class=\"meta-tags\">Schlagw&ouml;rter: <a href=\"https:\/\/www.traveltelling.net\/de\/tag\/donauradweg\/\" rel=\"tag\">Donauradweg<\/a>, <a href=\"https:\/\/www.traveltelling.net\/de\/tag\/radreise\/\" rel=\"tag\">Radreise<\/a><\/span><span class=\"fusion-inline-sep\">|<\/span><\/p><div class=\"fusion-post-content-container\"><\/div><\/div><\/div><div class=\"fusion-clearfix\"><\/div><\/div>\n<\/article>\n<article id=\"blog-1-post-11974\" class=\"fusion-post-grid post-11974 post type-post status-publish format-image has-post-thumbnail hentry category-albanien-reise-urlaub post_format-post-format-image\">\n<div class=\"fusion-post-wrapper\" style=\"background-color:rgba(255,255,255,0);border:1px solid #393536;border-bottom-width:3px;\">\n\n\t\t\t<div class=\"fusion-flexslider flexslider fusion-flexslider-loading fusion-post-slideshow\" style=\"border-color:#393536;\">\n\t\t<ul class=\"slides\">\n\t\t\t\n\t\t\t\t\t\t\t\t\t\t\t\t\t\t<li><div  class=\"fusion-image-wrapper\" aria-haspopup=\"true\">\n\t\t\t\t<img decoding=\"async\" width=\"1200\" height=\"635\" src=\"https:\/\/www.traveltelling.net\/wp-content\/uploads\/2018\/03\/Die-sch\u00f6nsten-Orte-in-Albanien.jpg\" class=\"attachment-full size-full lazyload wp-post-image\" alt=\"Urlaubstipp: Die 19 sch\u00f6nsten Orte in Albanien\" srcset=\"data:image\/svg+xml,%3Csvg%20xmlns%3D%27http%3A%2F%2Fwww.w3.org%2F2000%2Fsvg%27%20width%3D%271200%27%20height%3D%27635%27%20viewBox%3D%270%200%201200%20635%27%3E%3Crect%20width%3D%271200%27%20height%3D%27635%27%20fill-opacity%3D%220%22%2F%3E%3C%2Fsvg%3E\" data-orig-src=\"https:\/\/www.traveltelling.net\/wp-content\/uploads\/2018\/03\/Die-sch\u00f6nsten-Orte-in-Albanien.jpg\" data-srcset=\"https:\/\/www.traveltelling.net\/wp-content\/uploads\/2018\/03\/Die-sch\u00f6nsten-Orte-in-Albanien-200x106.jpg 200w, https:\/\/www.traveltelling.net\/wp-content\/uploads\/2018\/03\/Die-sch\u00f6nsten-Orte-in-Albanien-400x212.jpg 400w, https:\/\/www.traveltelling.net\/wp-content\/uploads\/2018\/03\/Die-sch\u00f6nsten-Orte-in-Albanien-600x318.jpg 600w, https:\/\/www.traveltelling.net\/wp-content\/uploads\/2018\/03\/Die-sch\u00f6nsten-Orte-in-Albanien-800x423.jpg 800w, https:\/\/www.traveltelling.net\/wp-content\/uploads\/2018\/03\/Die-sch\u00f6nsten-Orte-in-Albanien.jpg 1200w\" data-sizes=\"auto\" \/><div class=\"fusion-rollover\">\n\t<div class=\"fusion-rollover-content\">\n\n\t\t\t\t\t\t\t\t\t\t\t\t\t\t<a class=\"fusion-rollover-link\" href=\"https:\/\/www.traveltelling.net\/de\/albanien-urlaub-orte-sehenswuerdigkeiten-reise-blog-erfahrungsbericht\/\">Geheimtipp: Die 19 sch\u00f6nsten Orte in Albanien<\/a>\n\t\t\t\n\t\t\t\t\t\t\t\t\t\t\t\t\t\t\n\t\t\t\t\t\t\t\t\n\t\t\t\t\t\t\t\t\t\t\t\t\t<div class=\"fusion-rollover-sep\"><\/div>\n\t\t\t\t\n\t\t\t\t\t\t\t\t\t\t\t\t\t\t\t\t\t\t<a class=\"fusion-rollover-gallery\" href=\"https:\/\/www.traveltelling.net\/wp-content\/uploads\/2018\/03\/Die-sch\u00f6nsten-Orte-in-Albanien.jpg\" data-options=\"\" data-id=\"11974\" data-rel=\"iLightbox[gallery]\" data-title=\"Urlaubstipp: Die 19 sch\u00f6nsten Orte in Albanien\" data-caption=\"\">\n\t\t\t\t\t\tGallerie\t\t\t\t\t<\/a>\n\t\t\t\t\t\t\t\t\t\t\t\t\t\t\n\t\t\n\t\t\t\t\t\t\t\t\t\t\t\t<h4 class=\"fusion-rollover-title\">\n\t\t\t\t\t<a class=\"fusion-rollover-title-link\" href=\"https:\/\/www.traveltelling.net\/de\/albanien-urlaub-orte-sehenswuerdigkeiten-reise-blog-erfahrungsbericht\/\">\n\t\t\t\t\t\tGeheimtipp: Die 19 sch\u00f6nsten Orte in Albanien\t\t\t\t\t<\/a>\n\t\t\t\t<\/h4>\n\t\t\t\n\t\t\t\t\t\t\t\t\t\t<div class=\"fusion-rollover-categories\"><a href=\"https:\/\/www.traveltelling.net\/de\/category\/albanien-reise-urlaub\/\" rel=\"tag\">Albanien<\/a><\/div>\t\t\t\t\t\n\t\t\n\t\t\t\t\t\t<a class=\"fusion-link-wrapper\" href=\"https:\/\/www.traveltelling.net\/de\/albanien-urlaub-orte-sehenswuerdigkeiten-reise-blog-erfahrungsbericht\/\" aria-label=\"Geheimtipp: Die 19 sch\u00f6nsten Orte in Albanien\"><\/a>\n\t<\/div>\n<\/div>\n<\/div>\n<\/li>\n\t\t\t\n\t\t\t\n\t\t\t\t\t\t\t\t<\/ul>\n\t<\/div>\n\t<div class=\"fusion-post-content-wrapper\" style=\"padding:30px 25px 25px 25px;\"><div class=\"fusion-post-content post-content\"><h2 class=\"blog-shortcode-post-title entry-title\"><a href=\"https:\/\/www.traveltelling.net\/de\/albanien-urlaub-orte-sehenswuerdigkeiten-reise-blog-erfahrungsbericht\/\">Geheimtipp: Die 19 sch\u00f6nsten Orte in Albanien<\/a><\/h2><p class=\"fusion-single-line-meta\"><span class=\"updated\" style=\"display:none;\">2022-07-14T08:31:10+01:00<\/span>Von <span class=\"vcard\"><span class=\"fn\"><a href=\"https:\/\/www.traveltelling.net\/de\/author\/matthias\/\" title=\"Beitr\u00e4ge von Matthias\" rel=\"author\">Matthias<\/a><\/span><\/span><span class=\"fusion-inline-sep\">|<\/span>Kategorien: <a href=\"https:\/\/www.traveltelling.net\/de\/category\/albanien-reise-urlaub\/\" rel=\"category tag\">Albanien<\/a><span class=\"fusion-inline-sep\">|<\/span><\/p><div class=\"fusion-post-content-container\"><\/div><\/div><\/div><div class=\"fusion-clearfix\"><\/div><\/div>\n<\/article>\n<article id=\"blog-1-post-12118\" class=\"fusion-post-grid post-12118 post type-post status-publish format-image has-post-thumbnail hentry category-baltikum-reise-lettland tag-ostseekuesten-radweg tag-radreise post_format-post-format-image\">\n<div class=\"fusion-post-wrapper\" style=\"background-color:rgba(255,255,255,0);border:1px solid #393536;border-bottom-width:3px;\">\n\n\t\t\t<div class=\"fusion-flexslider flexslider fusion-flexslider-loading fusion-post-slideshow\" style=\"border-color:#393536;\">\n\t\t<ul class=\"slides\">\n\t\t\t\n\t\t\t\t\t\t\t\t\t\t\t\t\t\t<li><div  class=\"fusion-image-wrapper\" aria-haspopup=\"true\">\n\t\t\t\t<img decoding=\"async\" width=\"1200\" height=\"630\" src=\"https:\/\/www.traveltelling.net\/wp-content\/uploads\/2017\/11\/Fahrradreise-von-Lettland-nach-Deutschland.jpg\" class=\"attachment-full size-full lazyload wp-post-image\" alt=\"Fahrradreise von Lettland nach Deutschland\" srcset=\"data:image\/svg+xml,%3Csvg%20xmlns%3D%27http%3A%2F%2Fwww.w3.org%2F2000%2Fsvg%27%20width%3D%271200%27%20height%3D%27630%27%20viewBox%3D%270%200%201200%20630%27%3E%3Crect%20width%3D%271200%27%20height%3D%27630%27%20fill-opacity%3D%220%22%2F%3E%3C%2Fsvg%3E\" data-orig-src=\"https:\/\/www.traveltelling.net\/wp-content\/uploads\/2017\/11\/Fahrradreise-von-Lettland-nach-Deutschland.jpg\" data-srcset=\"https:\/\/www.traveltelling.net\/wp-content\/uploads\/2017\/11\/Fahrradreise-von-Lettland-nach-Deutschland-200x105.jpg 200w, https:\/\/www.traveltelling.net\/wp-content\/uploads\/2017\/11\/Fahrradreise-von-Lettland-nach-Deutschland-400x210.jpg 400w, https:\/\/www.traveltelling.net\/wp-content\/uploads\/2017\/11\/Fahrradreise-von-Lettland-nach-Deutschland-600x315.jpg 600w, https:\/\/www.traveltelling.net\/wp-content\/uploads\/2017\/11\/Fahrradreise-von-Lettland-nach-Deutschland-800x420.jpg 800w, https:\/\/www.traveltelling.net\/wp-content\/uploads\/2017\/11\/Fahrradreise-von-Lettland-nach-Deutschland.jpg 1200w\" data-sizes=\"auto\" \/><div class=\"fusion-rollover\">\n\t<div class=\"fusion-rollover-content\">\n\n\t\t\t\t\t\t\t\t\t\t\t\t\t\t<a class=\"fusion-rollover-link\" href=\"https:\/\/www.traveltelling.net\/de\/fahrrad-reise-ostseekuesten-radweg-baltikum-reisebericht\/\">Ostseek\u00fcsten-Radweg: Von Lettland nach Deutschland<\/a>\n\t\t\t\n\t\t\t\t\t\t\t\t\t\t\t\t\t\t\n\t\t\t\t\t\t\t\t\n\t\t\t\t\t\t\t\t\t\t\t\t\t<div class=\"fusion-rollover-sep\"><\/div>\n\t\t\t\t\n\t\t\t\t\t\t\t\t\t\t\t\t\t\t\t\t\t\t<a class=\"fusion-rollover-gallery\" href=\"https:\/\/www.traveltelling.net\/wp-content\/uploads\/2017\/11\/Fahrradreise-von-Lettland-nach-Deutschland.jpg\" data-options=\"\" data-id=\"12118\" data-rel=\"iLightbox[gallery]\" data-title=\"Fahrradreise von Lettland nach Deutschland\" data-caption=\"\">\n\t\t\t\t\t\tGallerie\t\t\t\t\t<\/a>\n\t\t\t\t\t\t\t\t\t\t\t\t\t\t\n\t\t\n\t\t\t\t\t\t\t\t\t\t\t\t<h4 class=\"fusion-rollover-title\">\n\t\t\t\t\t<a class=\"fusion-rollover-title-link\" href=\"https:\/\/www.traveltelling.net\/de\/fahrrad-reise-ostseekuesten-radweg-baltikum-reisebericht\/\">\n\t\t\t\t\t\tOstseek\u00fcsten-Radweg: Von Lettland nach Deutschland\t\t\t\t\t<\/a>\n\t\t\t\t<\/h4>\n\t\t\t\n\t\t\t\t\t\t\t\t\t\t<div class=\"fusion-rollover-categories\"><a href=\"https:\/\/www.traveltelling.net\/de\/category\/baltikum-reise-lettland\/\" rel=\"tag\">Lettland<\/a><\/div>\t\t\t\t\t\n\t\t\n\t\t\t\t\t\t<a class=\"fusion-link-wrapper\" href=\"https:\/\/www.traveltelling.net\/de\/fahrrad-reise-ostseekuesten-radweg-baltikum-reisebericht\/\" aria-label=\"Ostseek\u00fcsten-Radweg: Von Lettland nach Deutschland\"><\/a>\n\t<\/div>\n<\/div>\n<\/div>\n<\/li>\n\t\t\t\n\t\t\t\n\t\t\t\t\t\t\t\t<\/ul>\n\t<\/div>\n\t<div class=\"fusion-post-content-wrapper\" style=\"padding:30px 25px 25px 25px;\"><div class=\"fusion-post-content post-content\"><h2 class=\"blog-shortcode-post-title entry-title\"><a href=\"https:\/\/www.traveltelling.net\/de\/fahrrad-reise-ostseekuesten-radweg-baltikum-reisebericht\/\">Ostseek\u00fcsten-Radweg: Von Lettland nach Deutschland<\/a><\/h2><p class=\"fusion-single-line-meta\"><span class=\"updated\" style=\"display:none;\">2020-06-14T09:06:20+01:00<\/span>Von <span class=\"vcard\"><span class=\"fn\"><a href=\"https:\/\/www.traveltelling.net\/de\/author\/matthias\/\" title=\"Beitr\u00e4ge von Matthias\" rel=\"author\">Matthias<\/a><\/span><\/span><span class=\"fusion-inline-sep\">|<\/span>Kategorien: <a href=\"https:\/\/www.traveltelling.net\/de\/category\/baltikum-reise-lettland\/\" rel=\"category tag\">Lettland<\/a><span class=\"fusion-inline-sep\">|<\/span><span class=\"meta-tags\">Schlagw&ouml;rter: <a href=\"https:\/\/www.traveltelling.net\/de\/tag\/ostseekuesten-radweg\/\" rel=\"tag\">Ostseek\u00fcsten-Radweg<\/a>, <a href=\"https:\/\/www.traveltelling.net\/de\/tag\/radreise\/\" rel=\"tag\">Radreise<\/a><\/span><span class=\"fusion-inline-sep\">|<\/span><\/p><div class=\"fusion-post-content-container\"><\/div><\/div><\/div><div class=\"fusion-clearfix\"><\/div><\/div>\n<\/article>\n<article id=\"blog-1-post-12375\" class=\"fusion-post-grid post-12375 post type-post status-publish format-image has-post-thumbnail hentry category-tschechien post_format-post-format-image\">\n<div class=\"fusion-post-wrapper\" style=\"background-color:rgba(255,255,255,0);border:1px solid #393536;border-bottom-width:3px;\">\n\n\t\t\t<div class=\"fusion-flexslider flexslider fusion-flexslider-loading fusion-post-slideshow\" style=\"border-color:#393536;\">\n\t\t<ul class=\"slides\">\n\t\t\t\n\t\t\t\t\t\t\t\t\t\t\t\t\t\t<li><div  class=\"fusion-image-wrapper\" aria-haspopup=\"true\">\n\t\t\t\t<img decoding=\"async\" width=\"1200\" height=\"630\" src=\"https:\/\/www.traveltelling.net\/wp-content\/uploads\/2017\/12\/Winterurlaub-in-Tschechiens-Osten.jpg\" class=\"attachment-full size-full lazyload wp-post-image\" alt=\"Winterurlaub in Tschechiens Osten\" srcset=\"data:image\/svg+xml,%3Csvg%20xmlns%3D%27http%3A%2F%2Fwww.w3.org%2F2000%2Fsvg%27%20width%3D%271200%27%20height%3D%27630%27%20viewBox%3D%270%200%201200%20630%27%3E%3Crect%20width%3D%271200%27%20height%3D%27630%27%20fill-opacity%3D%220%22%2F%3E%3C%2Fsvg%3E\" data-orig-src=\"https:\/\/www.traveltelling.net\/wp-content\/uploads\/2017\/12\/Winterurlaub-in-Tschechiens-Osten.jpg\" data-srcset=\"https:\/\/www.traveltelling.net\/wp-content\/uploads\/2017\/12\/Winterurlaub-in-Tschechiens-Osten-200x105.jpg 200w, https:\/\/www.traveltelling.net\/wp-content\/uploads\/2017\/12\/Winterurlaub-in-Tschechiens-Osten-400x210.jpg 400w, https:\/\/www.traveltelling.net\/wp-content\/uploads\/2017\/12\/Winterurlaub-in-Tschechiens-Osten-600x315.jpg 600w, https:\/\/www.traveltelling.net\/wp-content\/uploads\/2017\/12\/Winterurlaub-in-Tschechiens-Osten-800x420.jpg 800w, https:\/\/www.traveltelling.net\/wp-content\/uploads\/2017\/12\/Winterurlaub-in-Tschechiens-Osten.jpg 1200w\" data-sizes=\"auto\" \/><div class=\"fusion-rollover\">\n\t<div class=\"fusion-rollover-content\">\n\n\t\t\t\t\t\t\t\t\t\t\t\t\t\t<a class=\"fusion-rollover-link\" href=\"https:\/\/www.traveltelling.net\/de\/tschechien-urlaub-road-trip-reise-natur-kulturelle-highlights\/\">Der unbekannte Osten Tschechiens<\/a>\n\t\t\t\n\t\t\t\t\t\t\t\t\t\t\t\t\t\t\n\t\t\t\t\t\t\t\t\n\t\t\t\t\t\t\t\t\t\t\t\t\t<div class=\"fusion-rollover-sep\"><\/div>\n\t\t\t\t\n\t\t\t\t\t\t\t\t\t\t\t\t\t\t\t\t\t\t<a class=\"fusion-rollover-gallery\" href=\"https:\/\/www.traveltelling.net\/wp-content\/uploads\/2017\/12\/Winterurlaub-in-Tschechiens-Osten.jpg\" data-options=\"\" data-id=\"12375\" data-rel=\"iLightbox[gallery]\" data-title=\"Winterurlaub in Tschechiens Osten\" data-caption=\"\">\n\t\t\t\t\t\tGallerie\t\t\t\t\t<\/a>\n\t\t\t\t\t\t\t\t\t\t\t\t\t\t\n\t\t\n\t\t\t\t\t\t\t\t\t\t\t\t<h4 class=\"fusion-rollover-title\">\n\t\t\t\t\t<a class=\"fusion-rollover-title-link\" href=\"https:\/\/www.traveltelling.net\/de\/tschechien-urlaub-road-trip-reise-natur-kulturelle-highlights\/\">\n\t\t\t\t\t\tDer unbekannte Osten Tschechiens\t\t\t\t\t<\/a>\n\t\t\t\t<\/h4>\n\t\t\t\n\t\t\t\t\t\t\t\t\t\t<div class=\"fusion-rollover-categories\"><a href=\"https:\/\/www.traveltelling.net\/de\/category\/tschechien\/\" rel=\"tag\">Tschechien<\/a><\/div>\t\t\t\t\t\n\t\t\n\t\t\t\t\t\t<a class=\"fusion-link-wrapper\" href=\"https:\/\/www.traveltelling.net\/de\/tschechien-urlaub-road-trip-reise-natur-kulturelle-highlights\/\" aria-label=\"Der unbekannte Osten Tschechiens\"><\/a>\n\t<\/div>\n<\/div>\n<\/div>\n<\/li>\n\t\t\t\n\t\t\t\n\t\t\t\t\t\t\t\t<\/ul>\n\t<\/div>\n\t<div class=\"fusion-post-content-wrapper\" style=\"padding:30px 25px 25px 25px;\"><div class=\"fusion-post-content post-content\"><h2 class=\"blog-shortcode-post-title entry-title\"><a href=\"https:\/\/www.traveltelling.net\/de\/tschechien-urlaub-road-trip-reise-natur-kulturelle-highlights\/\">Der unbekannte Osten Tschechiens<\/a><\/h2><p class=\"fusion-single-line-meta\"><span class=\"updated\" style=\"display:none;\">2020-12-13T10:57:05+01:00<\/span>Von <span class=\"vcard\"><span class=\"fn\"><a href=\"https:\/\/www.traveltelling.net\/de\/author\/matthias\/\" title=\"Beitr\u00e4ge von Matthias\" rel=\"author\">Matthias<\/a><\/span><\/span><span class=\"fusion-inline-sep\">|<\/span>Kategorien: <a href=\"https:\/\/www.traveltelling.net\/de\/category\/tschechien\/\" rel=\"category tag\">Tschechien<\/a><span class=\"fusion-inline-sep\">|<\/span><\/p><div class=\"fusion-post-content-container\"><\/div><\/div><\/div><div class=\"fusion-clearfix\"><\/div><\/div>\n<\/article>\n<article id=\"blog-1-post-12373\" class=\"fusion-post-grid post-12373 post type-post status-publish format-image has-post-thumbnail hentry category-tschechien post_format-post-format-image\">\n<div class=\"fusion-post-wrapper\" style=\"background-color:rgba(255,255,255,0);border:1px solid #393536;border-bottom-width:3px;\">\n\n\t\t\t<div class=\"fusion-flexslider flexslider fusion-flexslider-loading fusion-post-slideshow\" style=\"border-color:#393536;\">\n\t\t<ul class=\"slides\">\n\t\t\t\n\t\t\t\t\t\t\t\t\t\t\t\t\t\t<li><div  class=\"fusion-image-wrapper\" aria-haspopup=\"true\">\n\t\t\t\t<img decoding=\"async\" width=\"1200\" height=\"630\" src=\"https:\/\/www.traveltelling.net\/wp-content\/uploads\/2017\/12\/Br\u00fcnn-in-Tschechien.jpg\" class=\"attachment-full size-full lazyload wp-post-image\" alt=\"Geheimtipp: Br\u00fcnn im Osten Tschechiens\" srcset=\"data:image\/svg+xml,%3Csvg%20xmlns%3D%27http%3A%2F%2Fwww.w3.org%2F2000%2Fsvg%27%20width%3D%271200%27%20height%3D%27630%27%20viewBox%3D%270%200%201200%20630%27%3E%3Crect%20width%3D%271200%27%20height%3D%27630%27%20fill-opacity%3D%220%22%2F%3E%3C%2Fsvg%3E\" data-orig-src=\"https:\/\/www.traveltelling.net\/wp-content\/uploads\/2017\/12\/Br\u00fcnn-in-Tschechien.jpg\" data-srcset=\"https:\/\/www.traveltelling.net\/wp-content\/uploads\/2017\/12\/Br\u00fcnn-in-Tschechien-200x105.jpg 200w, https:\/\/www.traveltelling.net\/wp-content\/uploads\/2017\/12\/Br\u00fcnn-in-Tschechien-400x210.jpg 400w, https:\/\/www.traveltelling.net\/wp-content\/uploads\/2017\/12\/Br\u00fcnn-in-Tschechien-600x315.jpg 600w, https:\/\/www.traveltelling.net\/wp-content\/uploads\/2017\/12\/Br\u00fcnn-in-Tschechien-800x420.jpg 800w, https:\/\/www.traveltelling.net\/wp-content\/uploads\/2017\/12\/Br\u00fcnn-in-Tschechien.jpg 1200w\" data-sizes=\"auto\" \/><div class=\"fusion-rollover\">\n\t<div class=\"fusion-rollover-content\">\n\n\t\t\t\t\t\t\t\t\t\t\t\t\t\t<a class=\"fusion-rollover-link\" href=\"https:\/\/www.traveltelling.net\/de\/tschechien-reise-tipp-bruenn-brno-weihnachtsmaerkte-villa-tugendhat\/\">Ein vorweihnachtlicher Ausflug ins tschechische Br\u00fcnn<\/a>\n\t\t\t\n\t\t\t\t\t\t\t\t\t\t\t\t\t\t\n\t\t\t\t\t\t\t\t\n\t\t\t\t\t\t\t\t\t\t\t\t\t<div class=\"fusion-rollover-sep\"><\/div>\n\t\t\t\t\n\t\t\t\t\t\t\t\t\t\t\t\t\t\t\t\t\t\t<a class=\"fusion-rollover-gallery\" href=\"https:\/\/www.traveltelling.net\/wp-content\/uploads\/2017\/12\/Br\u00fcnn-in-Tschechien.jpg\" data-options=\"\" data-id=\"12373\" data-rel=\"iLightbox[gallery]\" data-title=\"Geheimtipp: Br\u00fcnn in Tschechien\" data-caption=\"\">\n\t\t\t\t\t\tGallerie\t\t\t\t\t<\/a>\n\t\t\t\t\t\t\t\t\t\t\t\t\t\t\n\t\t\n\t\t\t\t\t\t\t\t\t\t\t\t<h4 class=\"fusion-rollover-title\">\n\t\t\t\t\t<a class=\"fusion-rollover-title-link\" href=\"https:\/\/www.traveltelling.net\/de\/tschechien-reise-tipp-bruenn-brno-weihnachtsmaerkte-villa-tugendhat\/\">\n\t\t\t\t\t\tEin vorweihnachtlicher Ausflug ins tschechische Br\u00fcnn\t\t\t\t\t<\/a>\n\t\t\t\t<\/h4>\n\t\t\t\n\t\t\t\t\t\t\t\t\t\t<div class=\"fusion-rollover-categories\"><a href=\"https:\/\/www.traveltelling.net\/de\/category\/tschechien\/\" rel=\"tag\">Tschechien<\/a><\/div>\t\t\t\t\t\n\t\t\n\t\t\t\t\t\t<a class=\"fusion-link-wrapper\" href=\"https:\/\/www.traveltelling.net\/de\/tschechien-reise-tipp-bruenn-brno-weihnachtsmaerkte-villa-tugendhat\/\" aria-label=\"Ein vorweihnachtlicher Ausflug ins tschechische Br\u00fcnn\"><\/a>\n\t<\/div>\n<\/div>\n<\/div>\n<\/li>\n\t\t\t\n\t\t\t\n\t\t\t\t\t\t\t\t<\/ul>\n\t<\/div>\n\t<div class=\"fusion-post-content-wrapper\" style=\"padding:30px 25px 25px 25px;\"><div class=\"fusion-post-content post-content\"><h2 class=\"blog-shortcode-post-title entry-title\"><a href=\"https:\/\/www.traveltelling.net\/de\/tschechien-reise-tipp-bruenn-brno-weihnachtsmaerkte-villa-tugendhat\/\">Ein vorweihnachtlicher Ausflug ins tschechische Br\u00fcnn<\/a><\/h2><p class=\"fusion-single-line-meta\"><span class=\"updated\" style=\"display:none;\">2025-08-13T08:58:08+01:00<\/span>Von <span class=\"vcard\"><span class=\"fn\"><a href=\"https:\/\/www.traveltelling.net\/de\/author\/matthias\/\" title=\"Beitr\u00e4ge von Matthias\" rel=\"author\">Matthias<\/a><\/span><\/span><span class=\"fusion-inline-sep\">|<\/span>Kategorien: <a href=\"https:\/\/www.traveltelling.net\/de\/category\/tschechien\/\" rel=\"category tag\">Tschechien<\/a><span class=\"fusion-inline-sep\">|<\/span><\/p><div class=\"fusion-post-content-container\"><\/div><\/div><\/div><div class=\"fusion-clearfix\"><\/div><\/div>\n<\/article>\n<article id=\"blog-1-post-5506\" class=\"fusion-post-grid post-5506 post type-post status-publish format-standard has-post-thumbnail hentry category-serbien tag-donauradweg tag-radreise\">\n<div class=\"fusion-post-wrapper\" style=\"background-color:rgba(255,255,255,0);border:1px solid #393536;border-bottom-width:3px;\">\n\n\t\t\t<div class=\"fusion-flexslider flexslider fusion-flexslider-loading fusion-post-slideshow\" style=\"border-color:#393536;\">\n\t\t<ul class=\"slides\">\n\t\t\t\n\t\t\t\t\t\t\t\t\t\t\t\t\t\t<li><div  class=\"fusion-image-wrapper\" aria-haspopup=\"true\">\n\t\t\t\t<img decoding=\"async\" width=\"1200\" height=\"628\" src=\"https:\/\/www.traveltelling.net\/wp-content\/uploads\/2015\/10\/Copy-of-Radfahren-in-Serbien.jpg\" class=\"attachment-full size-full lazyload wp-post-image\" alt=\"Radfahren in Serbien am Donauradweg Euro Velo 6\" srcset=\"data:image\/svg+xml,%3Csvg%20xmlns%3D%27http%3A%2F%2Fwww.w3.org%2F2000%2Fsvg%27%20width%3D%271200%27%20height%3D%27628%27%20viewBox%3D%270%200%201200%20628%27%3E%3Crect%20width%3D%271200%27%20height%3D%27628%27%20fill-opacity%3D%220%22%2F%3E%3C%2Fsvg%3E\" data-orig-src=\"https:\/\/www.traveltelling.net\/wp-content\/uploads\/2015\/10\/Copy-of-Radfahren-in-Serbien.jpg\" data-srcset=\"https:\/\/www.traveltelling.net\/wp-content\/uploads\/2015\/10\/Copy-of-Radfahren-in-Serbien-200x105.jpg 200w, https:\/\/www.traveltelling.net\/wp-content\/uploads\/2015\/10\/Copy-of-Radfahren-in-Serbien-400x209.jpg 400w, https:\/\/www.traveltelling.net\/wp-content\/uploads\/2015\/10\/Copy-of-Radfahren-in-Serbien-600x314.jpg 600w, https:\/\/www.traveltelling.net\/wp-content\/uploads\/2015\/10\/Copy-of-Radfahren-in-Serbien-800x419.jpg 800w, https:\/\/www.traveltelling.net\/wp-content\/uploads\/2015\/10\/Copy-of-Radfahren-in-Serbien.jpg 1200w\" data-sizes=\"auto\" \/><div class=\"fusion-rollover\">\n\t<div class=\"fusion-rollover-content\">\n\n\t\t\t\t\t\t\t\t\t\t\t\t\t\t<a class=\"fusion-rollover-link\" href=\"https:\/\/www.traveltelling.net\/de\/highlights-donauradweg-eurovelo6-serbien\/\">8 Highlights am Donauradweg in Serbien<\/a>\n\t\t\t\n\t\t\t\t\t\t\t\t\t\t\t\t\t\t\n\t\t\t\t\t\t\t\t\n\t\t\t\t\t\t\t\t\t\t\t\t\t<div class=\"fusion-rollover-sep\"><\/div>\n\t\t\t\t\n\t\t\t\t\t\t\t\t\t\t\t\t\t\t\t\t\t\t<a class=\"fusion-rollover-gallery\" href=\"https:\/\/www.traveltelling.net\/wp-content\/uploads\/2015\/10\/Copy-of-Radfahren-in-Serbien.jpg\" data-options=\"\" data-id=\"5506\" data-rel=\"iLightbox[gallery]\" data-title=\"Radfahren in Serbien  am Donauradweg Euro Velo 6\" data-caption=\"\">\n\t\t\t\t\t\tGallerie\t\t\t\t\t<\/a>\n\t\t\t\t\t\t\t\t\t\t\t\t\t\t\n\t\t\n\t\t\t\t\t\t\t\t\t\t\t\t<h4 class=\"fusion-rollover-title\">\n\t\t\t\t\t<a class=\"fusion-rollover-title-link\" href=\"https:\/\/www.traveltelling.net\/de\/highlights-donauradweg-eurovelo6-serbien\/\">\n\t\t\t\t\t\t8 Highlights am Donauradweg in Serbien\t\t\t\t\t<\/a>\n\t\t\t\t<\/h4>\n\t\t\t\n\t\t\t\t\t\t\t\t\t\t<div class=\"fusion-rollover-categories\"><a href=\"https:\/\/www.traveltelling.net\/de\/category\/serbien\/\" rel=\"tag\">Serbien<\/a><\/div>\t\t\t\t\t\n\t\t\n\t\t\t\t\t\t<a class=\"fusion-link-wrapper\" href=\"https:\/\/www.traveltelling.net\/de\/highlights-donauradweg-eurovelo6-serbien\/\" aria-label=\"8 Highlights am Donauradweg in Serbien\"><\/a>\n\t<\/div>\n<\/div>\n<\/div>\n<\/li>\n\t\t\t\n\t\t\t\n\t\t\t\t\t\t\t\t<\/ul>\n\t<\/div>\n\t<div class=\"fusion-post-content-wrapper\" style=\"padding:30px 25px 25px 25px;\"><div class=\"fusion-post-content post-content\"><h2 class=\"blog-shortcode-post-title entry-title\"><a href=\"https:\/\/www.traveltelling.net\/de\/highlights-donauradweg-eurovelo6-serbien\/\">8 Highlights am Donauradweg in Serbien<\/a><\/h2><p class=\"fusion-single-line-meta\"><span class=\"updated\" style=\"display:none;\">2020-04-01T23:58:29+01:00<\/span>Von <span class=\"vcard\"><span class=\"fn\"><a href=\"https:\/\/www.traveltelling.net\/de\/author\/matthias\/\" title=\"Beitr\u00e4ge von Matthias\" rel=\"author\">Matthias<\/a><\/span><\/span><span class=\"fusion-inline-sep\">|<\/span>Kategorien: <a href=\"https:\/\/www.traveltelling.net\/de\/category\/serbien\/\" rel=\"category tag\">Serbien<\/a><span class=\"fusion-inline-sep\">|<\/span><span class=\"meta-tags\">Schlagw&ouml;rter: <a href=\"https:\/\/www.traveltelling.net\/de\/tag\/donauradweg\/\" rel=\"tag\">Donauradweg<\/a>, <a href=\"https:\/\/www.traveltelling.net\/de\/tag\/radreise\/\" rel=\"tag\">Radreise<\/a><\/span><span class=\"fusion-inline-sep\">|<\/span><\/p><div class=\"fusion-post-content-container\"><\/div><\/div><\/div><div class=\"fusion-clearfix\"><\/div><\/div>\n<\/article>\n<article id=\"blog-1-post-12008\" class=\"fusion-post-grid post-12008 post type-post status-publish format-image has-post-thumbnail hentry category-baltikum-reise-lettland tag-ostseekuesten-radweg tag-radreise post_format-post-format-image\">\n<div class=\"fusion-post-wrapper\" style=\"background-color:rgba(255,255,255,0);border:1px solid #393536;border-bottom-width:3px;\">\n\n\t\t\t<div class=\"fusion-flexslider flexslider fusion-flexslider-loading fusion-post-slideshow\" style=\"border-color:#393536;\">\n\t\t<ul class=\"slides\">\n\t\t\t\n\t\t\t\t\t\t\t\t\t\t\t\t\t\t<li><div  class=\"fusion-image-wrapper\" aria-haspopup=\"true\">\n\t\t\t\t<img decoding=\"async\" width=\"1200\" height=\"630\" src=\"https:\/\/www.traveltelling.net\/wp-content\/uploads\/2017\/11\/Mit-dem-Fahrrad-auf-der-F\u00e4hre-nach-Lettland.png\" class=\"attachment-full size-full lazyload wp-post-image\" alt=\"Mit dem Fahrrad auf der F\u00e4hre nach Lettland\" srcset=\"data:image\/svg+xml,%3Csvg%20xmlns%3D%27http%3A%2F%2Fwww.w3.org%2F2000%2Fsvg%27%20width%3D%271200%27%20height%3D%27630%27%20viewBox%3D%270%200%201200%20630%27%3E%3Crect%20width%3D%271200%27%20height%3D%27630%27%20fill-opacity%3D%220%22%2F%3E%3C%2Fsvg%3E\" data-orig-src=\"https:\/\/www.traveltelling.net\/wp-content\/uploads\/2017\/11\/Mit-dem-Fahrrad-auf-der-F\u00e4hre-nach-Lettland.png\" data-srcset=\"https:\/\/www.traveltelling.net\/wp-content\/uploads\/2017\/11\/Mit-dem-Fahrrad-auf-der-F\u00e4hre-nach-Lettland-200x105.png 200w, https:\/\/www.traveltelling.net\/wp-content\/uploads\/2017\/11\/Mit-dem-Fahrrad-auf-der-F\u00e4hre-nach-Lettland-400x210.png 400w, https:\/\/www.traveltelling.net\/wp-content\/uploads\/2017\/11\/Mit-dem-Fahrrad-auf-der-F\u00e4hre-nach-Lettland-600x315.png 600w, https:\/\/www.traveltelling.net\/wp-content\/uploads\/2017\/11\/Mit-dem-Fahrrad-auf-der-F\u00e4hre-nach-Lettland-800x420.png 800w, https:\/\/www.traveltelling.net\/wp-content\/uploads\/2017\/11\/Mit-dem-Fahrrad-auf-der-F\u00e4hre-nach-Lettland.png 1200w\" data-sizes=\"auto\" \/><div class=\"fusion-rollover\">\n\t<div class=\"fusion-rollover-content\">\n\n\t\t\t\t\t\t\t\t\t\t\t\t\t\t<a class=\"fusion-rollover-link\" href=\"https:\/\/www.traveltelling.net\/de\/erfahrungsbericht-fahrradmitnahme-transport-travemuende-liepaja-stena-line\/\">Mit der Stena Nordica nach Lettland<\/a>\n\t\t\t\n\t\t\t\t\t\t\t\t\t\t\t\t\t\t\n\t\t\t\t\t\t\t\t\n\t\t\t\t\t\t\t\t\t\t\t\t\t<div class=\"fusion-rollover-sep\"><\/div>\n\t\t\t\t\n\t\t\t\t\t\t\t\t\t\t\t\t\t\t\t\t\t\t<a class=\"fusion-rollover-gallery\" href=\"https:\/\/www.traveltelling.net\/wp-content\/uploads\/2017\/11\/Mit-dem-Fahrrad-auf-der-F\u00e4hre-nach-Lettland.png\" data-options=\"\" data-id=\"12008\" data-rel=\"iLightbox[gallery]\" data-title=\"Mit dem Fahrrad auf der F\u00e4hre nach Lettland\" data-caption=\"\">\n\t\t\t\t\t\tGallerie\t\t\t\t\t<\/a>\n\t\t\t\t\t\t\t\t\t\t\t\t\t\t\n\t\t\n\t\t\t\t\t\t\t\t\t\t\t\t<h4 class=\"fusion-rollover-title\">\n\t\t\t\t\t<a class=\"fusion-rollover-title-link\" href=\"https:\/\/www.traveltelling.net\/de\/erfahrungsbericht-fahrradmitnahme-transport-travemuende-liepaja-stena-line\/\">\n\t\t\t\t\t\tMit der Stena Nordica nach Lettland\t\t\t\t\t<\/a>\n\t\t\t\t<\/h4>\n\t\t\t\n\t\t\t\t\t\t\t\t\t\t<div class=\"fusion-rollover-categories\"><a href=\"https:\/\/www.traveltelling.net\/de\/category\/baltikum-reise-lettland\/\" rel=\"tag\">Lettland<\/a><\/div>\t\t\t\t\t\n\t\t\n\t\t\t\t\t\t<a class=\"fusion-link-wrapper\" href=\"https:\/\/www.traveltelling.net\/de\/erfahrungsbericht-fahrradmitnahme-transport-travemuende-liepaja-stena-line\/\" aria-label=\"Mit der Stena Nordica nach Lettland\"><\/a>\n\t<\/div>\n<\/div>\n<\/div>\n<\/li>\n\t\t\t\n\t\t\t\n\t\t\t\t\t\t\t\t<\/ul>\n\t<\/div>\n\t<div class=\"fusion-post-content-wrapper\" style=\"padding:30px 25px 25px 25px;\"><div class=\"fusion-post-content post-content\"><h2 class=\"blog-shortcode-post-title entry-title\"><a href=\"https:\/\/www.traveltelling.net\/de\/erfahrungsbericht-fahrradmitnahme-transport-travemuende-liepaja-stena-line\/\">Mit der Stena Nordica nach Lettland<\/a><\/h2><p class=\"fusion-single-line-meta\"><span class=\"updated\" style=\"display:none;\">2025-08-13T10:05:09+01:00<\/span>Von <span class=\"vcard\"><span class=\"fn\"><a href=\"https:\/\/www.traveltelling.net\/de\/author\/matthias\/\" title=\"Beitr\u00e4ge von Matthias\" rel=\"author\">Matthias<\/a><\/span><\/span><span class=\"fusion-inline-sep\">|<\/span>Kategorien: <a href=\"https:\/\/www.traveltelling.net\/de\/category\/baltikum-reise-lettland\/\" rel=\"category tag\">Lettland<\/a><span class=\"fusion-inline-sep\">|<\/span><span class=\"meta-tags\">Schlagw&ouml;rter: <a href=\"https:\/\/www.traveltelling.net\/de\/tag\/ostseekuesten-radweg\/\" rel=\"tag\">Ostseek\u00fcsten-Radweg<\/a>, <a href=\"https:\/\/www.traveltelling.net\/de\/tag\/radreise\/\" rel=\"tag\">Radreise<\/a><\/span><span class=\"fusion-inline-sep\">|<\/span><\/p><div class=\"fusion-post-content-container\"><\/div><\/div><\/div><div class=\"fusion-clearfix\"><\/div><\/div>\n<\/article>\n<article id=\"blog-1-post-11890\" class=\"fusion-post-grid post-11890 post type-post status-publish format-image has-post-thumbnail hentry category-fluege category-reise-nach-mazedonien post_format-post-format-image\">\n<div class=\"fusion-post-wrapper\" style=\"background-color:rgba(255,255,255,0);border:1px solid #393536;border-bottom-width:3px;\">\n\n\t\t\t<div class=\"fusion-flexslider flexslider fusion-flexslider-loading fusion-post-slideshow\" style=\"border-color:#393536;\">\n\t\t<ul class=\"slides\">\n\t\t\t\n\t\t\t\t\t\t\t\t\t\t\t\t\t\t<li><div  class=\"fusion-image-wrapper\" aria-haspopup=\"true\">\n\t\t\t\t<img decoding=\"async\" width=\"1200\" height=\"628\" src=\"https:\/\/www.traveltelling.net\/wp-content\/uploads\/2017\/10\/8-Wochen-mit-Handgep\u00e4ck-durch-die-Balkanregion-1-1.jpg\" class=\"attachment-full size-full lazyload wp-post-image\" alt=\"Balkanreise: 8 Wochen mit Handgep\u00e4ck durch die Balkanregion\" srcset=\"data:image\/svg+xml,%3Csvg%20xmlns%3D%27http%3A%2F%2Fwww.w3.org%2F2000%2Fsvg%27%20width%3D%271200%27%20height%3D%27628%27%20viewBox%3D%270%200%201200%20628%27%3E%3Crect%20width%3D%271200%27%20height%3D%27628%27%20fill-opacity%3D%220%22%2F%3E%3C%2Fsvg%3E\" data-orig-src=\"https:\/\/www.traveltelling.net\/wp-content\/uploads\/2017\/10\/8-Wochen-mit-Handgep\u00e4ck-durch-die-Balkanregion-1-1.jpg\" data-srcset=\"https:\/\/www.traveltelling.net\/wp-content\/uploads\/2017\/10\/8-Wochen-mit-Handgep\u00e4ck-durch-die-Balkanregion-1-1-200x105.jpg 200w, https:\/\/www.traveltelling.net\/wp-content\/uploads\/2017\/10\/8-Wochen-mit-Handgep\u00e4ck-durch-die-Balkanregion-1-1-400x209.jpg 400w, https:\/\/www.traveltelling.net\/wp-content\/uploads\/2017\/10\/8-Wochen-mit-Handgep\u00e4ck-durch-die-Balkanregion-1-1-600x314.jpg 600w, https:\/\/www.traveltelling.net\/wp-content\/uploads\/2017\/10\/8-Wochen-mit-Handgep\u00e4ck-durch-die-Balkanregion-1-1-800x419.jpg 800w, https:\/\/www.traveltelling.net\/wp-content\/uploads\/2017\/10\/8-Wochen-mit-Handgep\u00e4ck-durch-die-Balkanregion-1-1.jpg 1200w\" data-sizes=\"auto\" \/><div class=\"fusion-rollover\">\n\t<div class=\"fusion-rollover-content\">\n\n\t\t\t\t\t\t\t\t\t\t\t\t\t\t<a class=\"fusion-rollover-link\" href=\"https:\/\/www.traveltelling.net\/de\/balkan-rucksack-reise-urlaub-mit-handgepaeck-erfahrungsbericht-tipps-digitale-nomaden\/\">Balkanreise: Unterwegs mit Handgep\u00e4ck<\/a>\n\t\t\t\n\t\t\t\t\t\t\t\t\t\t\t\t\t\t\n\t\t\t\t\t\t\t\t\n\t\t\t\t\t\t\t\t\t\t\t\t\t<div class=\"fusion-rollover-sep\"><\/div>\n\t\t\t\t\n\t\t\t\t\t\t\t\t\t\t\t\t\t\t\t\t\t\t<a class=\"fusion-rollover-gallery\" href=\"https:\/\/www.traveltelling.net\/wp-content\/uploads\/2017\/10\/8-Wochen-mit-Handgep\u00e4ck-durch-die-Balkanregion-1-1.jpg\" data-options=\"\" data-id=\"11890\" data-rel=\"iLightbox[gallery]\" data-title=\"Balkanreise: 8 Wochen mit Handgep\u00e4ck durch die Balkanregion\" data-caption=\"\">\n\t\t\t\t\t\tGallerie\t\t\t\t\t<\/a>\n\t\t\t\t\t\t\t\t\t\t\t\t\t\t\n\t\t\n\t\t\t\t\t\t\t\t\t\t\t\t<h4 class=\"fusion-rollover-title\">\n\t\t\t\t\t<a class=\"fusion-rollover-title-link\" href=\"https:\/\/www.traveltelling.net\/de\/balkan-rucksack-reise-urlaub-mit-handgepaeck-erfahrungsbericht-tipps-digitale-nomaden\/\">\n\t\t\t\t\t\tBalkanreise: Unterwegs mit Handgep\u00e4ck\t\t\t\t\t<\/a>\n\t\t\t\t<\/h4>\n\t\t\t\n\t\t\t\t\t\t\t\t\t\t<div class=\"fusion-rollover-categories\"><a href=\"https:\/\/www.traveltelling.net\/de\/category\/fluege\/\" rel=\"tag\">Fl\u00fcge<\/a>, <a href=\"https:\/\/www.traveltelling.net\/de\/category\/reise-nach-mazedonien\/\" rel=\"tag\">Mazedonien<\/a><\/div>\t\t\t\t\t\n\t\t\n\t\t\t\t\t\t<a class=\"fusion-link-wrapper\" href=\"https:\/\/www.traveltelling.net\/de\/balkan-rucksack-reise-urlaub-mit-handgepaeck-erfahrungsbericht-tipps-digitale-nomaden\/\" aria-label=\"Balkanreise: Unterwegs mit Handgep\u00e4ck\"><\/a>\n\t<\/div>\n<\/div>\n<\/div>\n<\/li>\n\t\t\t\n\t\t\t\n\t\t\t\t\t\t\t\t<\/ul>\n\t<\/div>\n\t<div class=\"fusion-post-content-wrapper\" style=\"padding:30px 25px 25px 25px;\"><div class=\"fusion-post-content post-content\"><h2 class=\"blog-shortcode-post-title entry-title\"><a href=\"https:\/\/www.traveltelling.net\/de\/balkan-rucksack-reise-urlaub-mit-handgepaeck-erfahrungsbericht-tipps-digitale-nomaden\/\">Balkanreise: Unterwegs mit Handgep\u00e4ck<\/a><\/h2><p class=\"fusion-single-line-meta\"><span class=\"updated\" style=\"display:none;\">2025-08-13T10:05:40+01:00<\/span>Von <span class=\"vcard\"><span class=\"fn\"><a href=\"https:\/\/www.traveltelling.net\/de\/author\/matthias\/\" title=\"Beitr\u00e4ge von Matthias\" rel=\"author\">Matthias<\/a><\/span><\/span><span class=\"fusion-inline-sep\">|<\/span>Kategorien: <a href=\"https:\/\/www.traveltelling.net\/de\/category\/fluege\/\" rel=\"category tag\">Fl\u00fcge<\/a>, <a href=\"https:\/\/www.traveltelling.net\/de\/category\/reise-nach-mazedonien\/\" rel=\"category tag\">Mazedonien<\/a><span class=\"fusion-inline-sep\">|<\/span><\/p><div class=\"fusion-post-content-container\"><\/div><\/div><\/div><div class=\"fusion-clearfix\"><\/div><\/div>\n<\/article>\n<article id=\"blog-1-post-11592\" class=\"fusion-post-grid post-11592 post type-post status-publish format-image has-post-thumbnail hentry category-albanien-reise-urlaub post_format-post-format-image\">\n<div class=\"fusion-post-wrapper\" style=\"background-color:rgba(255,255,255,0);border:1px solid #393536;border-bottom-width:3px;\">\n\n\t\t\t<div class=\"fusion-flexslider flexslider fusion-flexslider-loading fusion-post-slideshow\" style=\"border-color:#393536;\">\n\t\t<ul class=\"slides\">\n\t\t\t\n\t\t\t\t\t\t\t\t\t\t\t\t\t\t<li><div  class=\"fusion-image-wrapper\" aria-haspopup=\"true\">\n\t\t\t\t<img decoding=\"async\" width=\"1200\" height=\"628\" src=\"https:\/\/www.traveltelling.net\/wp-content\/uploads\/2017\/09\/Urlaub-in-Albanien.jpg\" class=\"attachment-full size-full lazyload wp-post-image\" alt=\"Urlaub in Albanien\" srcset=\"data:image\/svg+xml,%3Csvg%20xmlns%3D%27http%3A%2F%2Fwww.w3.org%2F2000%2Fsvg%27%20width%3D%271200%27%20height%3D%27628%27%20viewBox%3D%270%200%201200%20628%27%3E%3Crect%20width%3D%271200%27%20height%3D%27628%27%20fill-opacity%3D%220%22%2F%3E%3C%2Fsvg%3E\" data-orig-src=\"https:\/\/www.traveltelling.net\/wp-content\/uploads\/2017\/09\/Urlaub-in-Albanien.jpg\" data-srcset=\"https:\/\/www.traveltelling.net\/wp-content\/uploads\/2017\/09\/Urlaub-in-Albanien-200x105.jpg 200w, https:\/\/www.traveltelling.net\/wp-content\/uploads\/2017\/09\/Urlaub-in-Albanien-400x209.jpg 400w, https:\/\/www.traveltelling.net\/wp-content\/uploads\/2017\/09\/Urlaub-in-Albanien-600x314.jpg 600w, https:\/\/www.traveltelling.net\/wp-content\/uploads\/2017\/09\/Urlaub-in-Albanien-800x419.jpg 800w, https:\/\/www.traveltelling.net\/wp-content\/uploads\/2017\/09\/Urlaub-in-Albanien.jpg 1200w\" data-sizes=\"auto\" \/><div class=\"fusion-rollover\">\n\t<div class=\"fusion-rollover-content\">\n\n\t\t\t\t\t\t\t\t\t\t\t\t\t\t<a class=\"fusion-rollover-link\" href=\"https:\/\/www.traveltelling.net\/de\/urlaub-in-albanien-reise-erfahrungsberichte-tipps-geschichten-reiseblogger\/\">Urlaub in Albanien: 7 Reiseblogger berichten<\/a>\n\t\t\t\n\t\t\t\t\t\t\t\t\t\t\t\t\t\t\n\t\t\t\t\t\t\t\t\n\t\t\t\t\t\t\t\t\t\t\t\t\t<div class=\"fusion-rollover-sep\"><\/div>\n\t\t\t\t\n\t\t\t\t\t\t\t\t\t\t\t\t\t\t\t\t\t\t<a class=\"fusion-rollover-gallery\" href=\"https:\/\/www.traveltelling.net\/wp-content\/uploads\/2017\/09\/Urlaub-in-Albanien.jpg\" data-options=\"\" data-id=\"11592\" data-rel=\"iLightbox[gallery]\" data-title=\"Urlaub in Albanien\" data-caption=\"\">\n\t\t\t\t\t\tGallerie\t\t\t\t\t<\/a>\n\t\t\t\t\t\t\t\t\t\t\t\t\t\t\n\t\t\n\t\t\t\t\t\t\t\t\t\t\t\t<h4 class=\"fusion-rollover-title\">\n\t\t\t\t\t<a class=\"fusion-rollover-title-link\" href=\"https:\/\/www.traveltelling.net\/de\/urlaub-in-albanien-reise-erfahrungsberichte-tipps-geschichten-reiseblogger\/\">\n\t\t\t\t\t\tUrlaub in Albanien: 7 Reiseblogger berichten\t\t\t\t\t<\/a>\n\t\t\t\t<\/h4>\n\t\t\t\n\t\t\t\t\t\t\t\t\t\t<div class=\"fusion-rollover-categories\"><a href=\"https:\/\/www.traveltelling.net\/de\/category\/albanien-reise-urlaub\/\" rel=\"tag\">Albanien<\/a><\/div>\t\t\t\t\t\n\t\t\n\t\t\t\t\t\t<a class=\"fusion-link-wrapper\" href=\"https:\/\/www.traveltelling.net\/de\/urlaub-in-albanien-reise-erfahrungsberichte-tipps-geschichten-reiseblogger\/\" aria-label=\"Urlaub in Albanien: 7 Reiseblogger berichten\"><\/a>\n\t<\/div>\n<\/div>\n<\/div>\n<\/li>\n\t\t\t\n\t\t\t\n\t\t\t\t\t\t\t\t<\/ul>\n\t<\/div>\n\t<div class=\"fusion-post-content-wrapper\" style=\"padding:30px 25px 25px 25px;\"><div class=\"fusion-post-content post-content\"><h2 class=\"blog-shortcode-post-title entry-title\"><a href=\"https:\/\/www.traveltelling.net\/de\/urlaub-in-albanien-reise-erfahrungsberichte-tipps-geschichten-reiseblogger\/\">Urlaub in Albanien: 7 Reiseblogger berichten<\/a><\/h2><p class=\"fusion-single-line-meta\"><span class=\"updated\" style=\"display:none;\">2022-02-04T14:27:32+01:00<\/span>Von <span class=\"vcard\"><span class=\"fn\"><a href=\"https:\/\/www.traveltelling.net\/de\/author\/matthias\/\" title=\"Beitr\u00e4ge von Matthias\" rel=\"author\">Matthias<\/a><\/span><\/span><span class=\"fusion-inline-sep\">|<\/span>Kategorien: <a href=\"https:\/\/www.traveltelling.net\/de\/category\/albanien-reise-urlaub\/\" rel=\"category tag\">Albanien<\/a><span class=\"fusion-inline-sep\">|<\/span><\/p><div class=\"fusion-post-content-container\"><\/div><\/div><\/div><div class=\"fusion-clearfix\"><\/div><\/div>\n<\/article>\n<article id=\"blog-1-post-11819\" class=\"fusion-post-grid post-11819 post type-post status-publish format-image has-post-thumbnail hentry category-kosovo-reise post_format-post-format-image\">\n<div class=\"fusion-post-wrapper\" style=\"background-color:rgba(255,255,255,0);border:1px solid #393536;border-bottom-width:3px;\">\n\n\t\t\t<div class=\"fusion-flexslider flexslider fusion-flexslider-loading fusion-post-slideshow\" style=\"border-color:#393536;\">\n\t\t<ul class=\"slides\">\n\t\t\t\n\t\t\t\t\t\t\t\t\t\t\t\t\t\t<li><div  class=\"fusion-image-wrapper\" aria-haspopup=\"true\">\n\t\t\t\t<img decoding=\"async\" width=\"1200\" height=\"628\" src=\"https:\/\/www.traveltelling.net\/wp-content\/uploads\/2017\/09\/Reise-durch-den-Kosovo-2.jpg\" class=\"attachment-full size-full lazyload wp-post-image\" alt=\"Reise in den Kosovo\" srcset=\"data:image\/svg+xml,%3Csvg%20xmlns%3D%27http%3A%2F%2Fwww.w3.org%2F2000%2Fsvg%27%20width%3D%271200%27%20height%3D%27628%27%20viewBox%3D%270%200%201200%20628%27%3E%3Crect%20width%3D%271200%27%20height%3D%27628%27%20fill-opacity%3D%220%22%2F%3E%3C%2Fsvg%3E\" data-orig-src=\"https:\/\/www.traveltelling.net\/wp-content\/uploads\/2017\/09\/Reise-durch-den-Kosovo-2.jpg\" data-srcset=\"https:\/\/www.traveltelling.net\/wp-content\/uploads\/2017\/09\/Reise-durch-den-Kosovo-2-200x105.jpg 200w, https:\/\/www.traveltelling.net\/wp-content\/uploads\/2017\/09\/Reise-durch-den-Kosovo-2-400x209.jpg 400w, https:\/\/www.traveltelling.net\/wp-content\/uploads\/2017\/09\/Reise-durch-den-Kosovo-2-600x314.jpg 600w, https:\/\/www.traveltelling.net\/wp-content\/uploads\/2017\/09\/Reise-durch-den-Kosovo-2-800x419.jpg 800w, https:\/\/www.traveltelling.net\/wp-content\/uploads\/2017\/09\/Reise-durch-den-Kosovo-2.jpg 1200w\" data-sizes=\"auto\" \/><div class=\"fusion-rollover\">\n\t<div class=\"fusion-rollover-content\">\n\n\t\t\t\t\t\t\t\t\t\t\t\t\t\t<a class=\"fusion-rollover-link\" href=\"https:\/\/www.traveltelling.net\/de\/reise-in-den-kosovo-erfahrungs-bericht-touren-tipps-highlights-reiseblog\/\">In 19 Bildern durch den Kosovo<\/a>\n\t\t\t\n\t\t\t\t\t\t\t\t\t\t\t\t\t\t\n\t\t\t\t\t\t\t\t\n\t\t\t\t\t\t\t\t\t\t\t\t\t<div class=\"fusion-rollover-sep\"><\/div>\n\t\t\t\t\n\t\t\t\t\t\t\t\t\t\t\t\t\t\t\t\t\t\t<a class=\"fusion-rollover-gallery\" href=\"https:\/\/www.traveltelling.net\/wp-content\/uploads\/2017\/09\/Reise-durch-den-Kosovo-2.jpg\" data-options=\"\" data-id=\"11819\" data-rel=\"iLightbox[gallery]\" data-title=\"Reise durch den Kosovo\" data-caption=\"\">\n\t\t\t\t\t\tGallerie\t\t\t\t\t<\/a>\n\t\t\t\t\t\t\t\t\t\t\t\t\t\t\n\t\t\n\t\t\t\t\t\t\t\t\t\t\t\t<h4 class=\"fusion-rollover-title\">\n\t\t\t\t\t<a class=\"fusion-rollover-title-link\" href=\"https:\/\/www.traveltelling.net\/de\/reise-in-den-kosovo-erfahrungs-bericht-touren-tipps-highlights-reiseblog\/\">\n\t\t\t\t\t\tIn 19 Bildern durch den Kosovo\t\t\t\t\t<\/a>\n\t\t\t\t<\/h4>\n\t\t\t\n\t\t\t\t\t\t\t\t\t\t<div class=\"fusion-rollover-categories\"><a href=\"https:\/\/www.traveltelling.net\/de\/category\/kosovo-reise\/\" rel=\"tag\">Kosovo<\/a><\/div>\t\t\t\t\t\n\t\t\n\t\t\t\t\t\t<a class=\"fusion-link-wrapper\" href=\"https:\/\/www.traveltelling.net\/de\/reise-in-den-kosovo-erfahrungs-bericht-touren-tipps-highlights-reiseblog\/\" aria-label=\"In 19 Bildern durch den Kosovo\"><\/a>\n\t<\/div>\n<\/div>\n<\/div>\n<\/li>\n\t\t\t\n\t\t\t\n\t\t\t\t\t\t\t\t<\/ul>\n\t<\/div>\n\t<div class=\"fusion-post-content-wrapper\" style=\"padding:30px 25px 25px 25px;\"><div class=\"fusion-post-content post-content\"><h2 class=\"blog-shortcode-post-title entry-title\"><a href=\"https:\/\/www.traveltelling.net\/de\/reise-in-den-kosovo-erfahrungs-bericht-touren-tipps-highlights-reiseblog\/\">In 19 Bildern durch den Kosovo<\/a><\/h2><p class=\"fusion-single-line-meta\"><span class=\"updated\" style=\"display:none;\">2020-04-05T21:07:09+01:00<\/span>Von <span class=\"vcard\"><span class=\"fn\"><a href=\"https:\/\/www.traveltelling.net\/de\/author\/matthias\/\" title=\"Beitr\u00e4ge von Matthias\" rel=\"author\">Matthias<\/a><\/span><\/span><span class=\"fusion-inline-sep\">|<\/span>Kategorien: <a href=\"https:\/\/www.traveltelling.net\/de\/category\/kosovo-reise\/\" rel=\"category tag\">Kosovo<\/a><span class=\"fusion-inline-sep\">|<\/span><\/p><div class=\"fusion-post-content-container\"><\/div><\/div><\/div><div class=\"fusion-clearfix\"><\/div><\/div>\n<\/article>\n<article id=\"blog-1-post-10907\" class=\"fusion-post-grid post-10907 post type-post status-publish format-image has-post-thumbnail hentry category-begegnungen category-rumaenien category-bewusst-reisen tag-unterkuenfte post_format-post-format-image\">\n<div class=\"fusion-post-wrapper\" style=\"background-color:rgba(255,255,255,0);border:1px solid #393536;border-bottom-width:3px;\">\n\n\t\t\t<div class=\"fusion-flexslider flexslider fusion-flexslider-loading fusion-post-slideshow\" style=\"border-color:#393536;\">\n\t\t<ul class=\"slides\">\n\t\t\t\n\t\t\t\t\t\t\t\t\t\t\t\t\t\t<li><div  class=\"fusion-image-wrapper\" aria-haspopup=\"true\">\n\t\t\t\t<img decoding=\"async\" width=\"1200\" height=\"628\" src=\"https:\/\/www.traveltelling.net\/wp-content\/uploads\/2017\/03\/\u00d6kotourismus-in-Rum\u00e4nien.jpg\" class=\"attachment-full size-full lazyload wp-post-image\" alt=\"\u00d6kotourismus in Rum\u00e4nien\" srcset=\"data:image\/svg+xml,%3Csvg%20xmlns%3D%27http%3A%2F%2Fwww.w3.org%2F2000%2Fsvg%27%20width%3D%271200%27%20height%3D%27628%27%20viewBox%3D%270%200%201200%20628%27%3E%3Crect%20width%3D%271200%27%20height%3D%27628%27%20fill-opacity%3D%220%22%2F%3E%3C%2Fsvg%3E\" data-orig-src=\"https:\/\/www.traveltelling.net\/wp-content\/uploads\/2017\/03\/\u00d6kotourismus-in-Rum\u00e4nien.jpg\" data-srcset=\"https:\/\/www.traveltelling.net\/wp-content\/uploads\/2017\/03\/\u00d6kotourismus-in-Rum\u00e4nien-200x105.jpg 200w, https:\/\/www.traveltelling.net\/wp-content\/uploads\/2017\/03\/\u00d6kotourismus-in-Rum\u00e4nien-400x209.jpg 400w, https:\/\/www.traveltelling.net\/wp-content\/uploads\/2017\/03\/\u00d6kotourismus-in-Rum\u00e4nien-600x314.jpg 600w, https:\/\/www.traveltelling.net\/wp-content\/uploads\/2017\/03\/\u00d6kotourismus-in-Rum\u00e4nien-800x419.jpg 800w, https:\/\/www.traveltelling.net\/wp-content\/uploads\/2017\/03\/\u00d6kotourismus-in-Rum\u00e4nien.jpg 1200w\" data-sizes=\"auto\" \/><div class=\"fusion-rollover\">\n\t<div class=\"fusion-rollover-content\">\n\n\t\t\t\t\t\t\t\t\t\t\t\t\t\t<a class=\"fusion-rollover-link\" href=\"https:\/\/www.traveltelling.net\/de\/rumaenien-siebenbuergen-transsilvanien-oeko-tourismus-projekt-bio-retreat\/\">Andreas &#038; Ioana gr\u00fcnden Bio-BnB in Rum\u00e4nien<\/a>\n\t\t\t\n\t\t\t\t\t\t\t\t\t\t\t\t\t\t\n\t\t\t\t\t\t\t\t\n\t\t\t\t\t\t\t\t\t\t\t\t\t<div class=\"fusion-rollover-sep\"><\/div>\n\t\t\t\t\n\t\t\t\t\t\t\t\t\t\t\t\t\t\t\t\t\t\t<a class=\"fusion-rollover-gallery\" href=\"https:\/\/www.traveltelling.net\/wp-content\/uploads\/2017\/03\/\u00d6kotourismus-in-Rum\u00e4nien.jpg\" data-options=\"\" data-id=\"10907\" data-rel=\"iLightbox[gallery]\" data-title=\"\u00d6kotourismus in Rum\u00e4nien\" data-caption=\"\">\n\t\t\t\t\t\tGallerie\t\t\t\t\t<\/a>\n\t\t\t\t\t\t\t\t\t\t\t\t\t\t\n\t\t\n\t\t\t\t\t\t\t\t\t\t\t\t<h4 class=\"fusion-rollover-title\">\n\t\t\t\t\t<a class=\"fusion-rollover-title-link\" href=\"https:\/\/www.traveltelling.net\/de\/rumaenien-siebenbuergen-transsilvanien-oeko-tourismus-projekt-bio-retreat\/\">\n\t\t\t\t\t\tAndreas &#038; Ioana gr\u00fcnden Bio-BnB in Rum\u00e4nien\t\t\t\t\t<\/a>\n\t\t\t\t<\/h4>\n\t\t\t\n\t\t\t\t\t\t\t\t\t\t<div class=\"fusion-rollover-categories\"><a href=\"https:\/\/www.traveltelling.net\/de\/category\/begegnungen\/\" rel=\"tag\">Interviews<\/a>, <a href=\"https:\/\/www.traveltelling.net\/de\/category\/rumaenien\/\" rel=\"tag\">Rum\u00e4nien<\/a>, <a href=\"https:\/\/www.traveltelling.net\/de\/category\/bewusst-reisen\/\" rel=\"tag\">Slow Travel<\/a><\/div>\t\t\t\t\t\n\t\t\n\t\t\t\t\t\t<a class=\"fusion-link-wrapper\" href=\"https:\/\/www.traveltelling.net\/de\/rumaenien-siebenbuergen-transsilvanien-oeko-tourismus-projekt-bio-retreat\/\" aria-label=\"Andreas &#038; Ioana gr\u00fcnden Bio-BnB in Rum\u00e4nien\"><\/a>\n\t<\/div>\n<\/div>\n<\/div>\n<\/li>\n\t\t\t\n\t\t\t\n\t\t\t\t\t\t\t\t<\/ul>\n\t<\/div>\n\t<div class=\"fusion-post-content-wrapper\" style=\"padding:30px 25px 25px 25px;\"><div class=\"fusion-post-content post-content\"><h2 class=\"blog-shortcode-post-title entry-title\"><a href=\"https:\/\/www.traveltelling.net\/de\/rumaenien-siebenbuergen-transsilvanien-oeko-tourismus-projekt-bio-retreat\/\">Andreas &#038; Ioana gr\u00fcnden Bio-BnB in Rum\u00e4nien<\/a><\/h2><p class=\"fusion-single-line-meta\"><span class=\"updated\" style=\"display:none;\">2022-07-18T10:44:32+01:00<\/span>Von <span class=\"vcard\"><span class=\"fn\"><a href=\"https:\/\/www.traveltelling.net\/de\/author\/matthias\/\" title=\"Beitr\u00e4ge von Matthias\" rel=\"author\">Matthias<\/a><\/span><\/span><span class=\"fusion-inline-sep\">|<\/span>Kategorien: <a href=\"https:\/\/www.traveltelling.net\/de\/category\/begegnungen\/\" rel=\"category tag\">Interviews<\/a>, <a href=\"https:\/\/www.traveltelling.net\/de\/category\/rumaenien\/\" rel=\"category tag\">Rum\u00e4nien<\/a>, <a href=\"https:\/\/www.traveltelling.net\/de\/category\/bewusst-reisen\/\" rel=\"category tag\">Slow Travel<\/a><span class=\"fusion-inline-sep\">|<\/span><span class=\"meta-tags\">Schlagw&ouml;rter: <a href=\"https:\/\/www.traveltelling.net\/de\/tag\/unterkuenfte\/\" rel=\"tag\">Unterk\u00fcnfte<\/a><\/span><span class=\"fusion-inline-sep\">|<\/span><\/p><div class=\"fusion-post-content-container\"><\/div><\/div><\/div><div class=\"fusion-clearfix\"><\/div><\/div>\n<\/article>\n<article id=\"blog-1-post-5551\" class=\"fusion-post-grid post-5551 post type-post status-publish format-standard has-post-thumbnail hentry category-ungarn tag-donauradweg tag-radreise\">\n<div class=\"fusion-post-wrapper\" style=\"background-color:rgba(255,255,255,0);border:1px solid #393536;border-bottom-width:3px;\">\n\n\t\t\t<div class=\"fusion-flexslider flexslider fusion-flexslider-loading fusion-post-slideshow\" style=\"border-color:#393536;\">\n\t\t<ul class=\"slides\">\n\t\t\t\n\t\t\t\t\t\t\t\t\t\t\t\t\t\t<li><div  class=\"fusion-image-wrapper\" aria-haspopup=\"true\">\n\t\t\t\t<img decoding=\"async\" width=\"1200\" height=\"628\" src=\"https:\/\/www.traveltelling.net\/wp-content\/uploads\/2015\/10\/Radfahren-in-Serbien-7.jpg\" class=\"attachment-full size-full lazyload wp-post-image\" alt=\"Radreise durch Ungarn - Donauradweg Eurovelo 6\" srcset=\"data:image\/svg+xml,%3Csvg%20xmlns%3D%27http%3A%2F%2Fwww.w3.org%2F2000%2Fsvg%27%20width%3D%271200%27%20height%3D%27628%27%20viewBox%3D%270%200%201200%20628%27%3E%3Crect%20width%3D%271200%27%20height%3D%27628%27%20fill-opacity%3D%220%22%2F%3E%3C%2Fsvg%3E\" data-orig-src=\"https:\/\/www.traveltelling.net\/wp-content\/uploads\/2015\/10\/Radfahren-in-Serbien-7.jpg\" data-srcset=\"https:\/\/www.traveltelling.net\/wp-content\/uploads\/2015\/10\/Radfahren-in-Serbien-7-200x105.jpg 200w, https:\/\/www.traveltelling.net\/wp-content\/uploads\/2015\/10\/Radfahren-in-Serbien-7-400x209.jpg 400w, https:\/\/www.traveltelling.net\/wp-content\/uploads\/2015\/10\/Radfahren-in-Serbien-7-600x314.jpg 600w, https:\/\/www.traveltelling.net\/wp-content\/uploads\/2015\/10\/Radfahren-in-Serbien-7-800x419.jpg 800w, https:\/\/www.traveltelling.net\/wp-content\/uploads\/2015\/10\/Radfahren-in-Serbien-7.jpg 1200w\" data-sizes=\"auto\" \/><div class=\"fusion-rollover\">\n\t<div class=\"fusion-rollover-content\">\n\n\t\t\t\t\t\t\t\t\t\t\t\t\t\t<a class=\"fusion-rollover-link\" href=\"https:\/\/www.traveltelling.net\/de\/highlights-donauradweg-eurovelo-6-ungarn\/\">10 Highlights am Donauradweg in Ungarn<\/a>\n\t\t\t\n\t\t\t\t\t\t\t\t\t\t\t\t\t\t\n\t\t\t\t\t\t\t\t\n\t\t\t\t\t\t\t\t\t\t\t\t\t<div class=\"fusion-rollover-sep\"><\/div>\n\t\t\t\t\n\t\t\t\t\t\t\t\t\t\t\t\t\t\t\t\t\t\t<a class=\"fusion-rollover-gallery\" href=\"https:\/\/www.traveltelling.net\/wp-content\/uploads\/2015\/10\/Radfahren-in-Serbien-7.jpg\" data-options=\"\" data-id=\"5551\" data-rel=\"iLightbox[gallery]\" data-title=\"Radreise durch Ungarn - Donauradweg Eurovelo 6\" data-caption=\"\">\n\t\t\t\t\t\tGallerie\t\t\t\t\t<\/a>\n\t\t\t\t\t\t\t\t\t\t\t\t\t\t\n\t\t\n\t\t\t\t\t\t\t\t\t\t\t\t<h4 class=\"fusion-rollover-title\">\n\t\t\t\t\t<a class=\"fusion-rollover-title-link\" href=\"https:\/\/www.traveltelling.net\/de\/highlights-donauradweg-eurovelo-6-ungarn\/\">\n\t\t\t\t\t\t10 Highlights am Donauradweg in Ungarn\t\t\t\t\t<\/a>\n\t\t\t\t<\/h4>\n\t\t\t\n\t\t\t\t\t\t\t\t\t\t<div class=\"fusion-rollover-categories\"><a href=\"https:\/\/www.traveltelling.net\/de\/category\/ungarn\/\" rel=\"tag\">Ungarn<\/a><\/div>\t\t\t\t\t\n\t\t\n\t\t\t\t\t\t<a class=\"fusion-link-wrapper\" href=\"https:\/\/www.traveltelling.net\/de\/highlights-donauradweg-eurovelo-6-ungarn\/\" aria-label=\"10 Highlights am Donauradweg in Ungarn\"><\/a>\n\t<\/div>\n<\/div>\n<\/div>\n<\/li>\n\t\t\t\n\t\t\t\n\t\t\t\t\t\t\t\t<\/ul>\n\t<\/div>\n\t<div class=\"fusion-post-content-wrapper\" style=\"padding:30px 25px 25px 25px;\"><div class=\"fusion-post-content post-content\"><h2 class=\"blog-shortcode-post-title entry-title\"><a href=\"https:\/\/www.traveltelling.net\/de\/highlights-donauradweg-eurovelo-6-ungarn\/\">10 Highlights am Donauradweg in Ungarn<\/a><\/h2><p class=\"fusion-single-line-meta\"><span class=\"updated\" style=\"display:none;\">2020-04-01T23:53:49+01:00<\/span>Von <span class=\"vcard\"><span class=\"fn\"><a href=\"https:\/\/www.traveltelling.net\/de\/author\/matthias\/\" title=\"Beitr\u00e4ge von Matthias\" rel=\"author\">Matthias<\/a><\/span><\/span><span class=\"fusion-inline-sep\">|<\/span>Kategorien: <a href=\"https:\/\/www.traveltelling.net\/de\/category\/ungarn\/\" rel=\"category tag\">Ungarn<\/a><span class=\"fusion-inline-sep\">|<\/span><span class=\"meta-tags\">Schlagw&ouml;rter: <a href=\"https:\/\/www.traveltelling.net\/de\/tag\/donauradweg\/\" rel=\"tag\">Donauradweg<\/a>, <a href=\"https:\/\/www.traveltelling.net\/de\/tag\/radreise\/\" rel=\"tag\">Radreise<\/a><\/span><span class=\"fusion-inline-sep\">|<\/span><\/p><div class=\"fusion-post-content-container\"><\/div><\/div><\/div><div class=\"fusion-clearfix\"><\/div><\/div>\n<\/article>\n<article id=\"blog-1-post-4480\" class=\"fusion-post-grid post-4480 post type-post status-publish format-standard has-post-thumbnail hentry category-rumaenien\">\n<div class=\"fusion-post-wrapper\" style=\"background-color:rgba(255,255,255,0);border:1px solid #393536;border-bottom-width:3px;\">\n\n\t\t\t<div class=\"fusion-flexslider flexslider fusion-flexslider-loading fusion-post-slideshow\" style=\"border-color:#393536;\">\n\t\t<ul class=\"slides\">\n\t\t\t\n\t\t\t\t\t\t\t\t\t\t\t\t\t\t<li><div  class=\"fusion-image-wrapper\" aria-haspopup=\"true\">\n\t\t\t\t<img decoding=\"async\" width=\"1600\" height=\"1200\" src=\"https:\/\/www.traveltelling.net\/wp-content\/uploads\/2015\/10\/Romania-Transylvania-Sibiu-9.jpg\" class=\"attachment-full size-full lazyload wp-post-image\" alt=\"Trip to Sibiu in Transylvania, Romania\" srcset=\"data:image\/svg+xml,%3Csvg%20xmlns%3D%27http%3A%2F%2Fwww.w3.org%2F2000%2Fsvg%27%20width%3D%271600%27%20height%3D%271200%27%20viewBox%3D%270%200%201600%201200%27%3E%3Crect%20width%3D%271600%27%20height%3D%271200%27%20fill-opacity%3D%220%22%2F%3E%3C%2Fsvg%3E\" data-orig-src=\"https:\/\/www.traveltelling.net\/wp-content\/uploads\/2015\/10\/Romania-Transylvania-Sibiu-9.jpg\" data-srcset=\"https:\/\/www.traveltelling.net\/wp-content\/uploads\/2015\/10\/Romania-Transylvania-Sibiu-9-200x150.jpg 200w, https:\/\/www.traveltelling.net\/wp-content\/uploads\/2015\/10\/Romania-Transylvania-Sibiu-9-400x300.jpg 400w, https:\/\/www.traveltelling.net\/wp-content\/uploads\/2015\/10\/Romania-Transylvania-Sibiu-9-600x450.jpg 600w, https:\/\/www.traveltelling.net\/wp-content\/uploads\/2015\/10\/Romania-Transylvania-Sibiu-9-800x600.jpg 800w, https:\/\/www.traveltelling.net\/wp-content\/uploads\/2015\/10\/Romania-Transylvania-Sibiu-9-1200x900.jpg 1200w, https:\/\/www.traveltelling.net\/wp-content\/uploads\/2015\/10\/Romania-Transylvania-Sibiu-9.jpg 1600w\" data-sizes=\"auto\" \/><div class=\"fusion-rollover\">\n\t<div class=\"fusion-rollover-content\">\n\n\t\t\t\t\t\t\t\t\t\t\t\t\t\t<a class=\"fusion-rollover-link\" href=\"https:\/\/www.traveltelling.net\/de\/rumaenien-reise-hermannstadt-transsilvanien\/\">Die sch\u00f6nsten Ecken in Siebenb\u00fcrgen, Rum\u00e4nien<\/a>\n\t\t\t\n\t\t\t\t\t\t\t\t\t\t\t\t\t\t\n\t\t\t\t\t\t\t\t\n\t\t\t\t\t\t\t\t\t\t\t\t\t<div class=\"fusion-rollover-sep\"><\/div>\n\t\t\t\t\n\t\t\t\t\t\t\t\t\t\t\t\t\t\t\t\t\t\t<a class=\"fusion-rollover-gallery\" href=\"https:\/\/www.traveltelling.net\/wp-content\/uploads\/2015\/10\/Romania-Transylvania-Sibiu-9.jpg\" data-options=\"\" data-id=\"4480\" data-rel=\"iLightbox[gallery]\" data-title=\"Romania Transylvania Sibiu (9)\" data-caption=\"\">\n\t\t\t\t\t\tGallerie\t\t\t\t\t<\/a>\n\t\t\t\t\t\t\t\t\t\t\t\t\t\t\n\t\t\n\t\t\t\t\t\t\t\t\t\t\t\t<h4 class=\"fusion-rollover-title\">\n\t\t\t\t\t<a class=\"fusion-rollover-title-link\" href=\"https:\/\/www.traveltelling.net\/de\/rumaenien-reise-hermannstadt-transsilvanien\/\">\n\t\t\t\t\t\tDie sch\u00f6nsten Ecken in Siebenb\u00fcrgen, Rum\u00e4nien\t\t\t\t\t<\/a>\n\t\t\t\t<\/h4>\n\t\t\t\n\t\t\t\t\t\t\t\t\t\t<div class=\"fusion-rollover-categories\"><a href=\"https:\/\/www.traveltelling.net\/de\/category\/rumaenien\/\" rel=\"tag\">Rum\u00e4nien<\/a><\/div>\t\t\t\t\t\n\t\t\n\t\t\t\t\t\t<a class=\"fusion-link-wrapper\" href=\"https:\/\/www.traveltelling.net\/de\/rumaenien-reise-hermannstadt-transsilvanien\/\" aria-label=\"Die sch\u00f6nsten Ecken in Siebenb\u00fcrgen, Rum\u00e4nien\"><\/a>\n\t<\/div>\n<\/div>\n<\/div>\n<\/li>\n\t\t\t\n\t\t\t\n\t\t\t\t\t\t\t\t<\/ul>\n\t<\/div>\n\t<div class=\"fusion-post-content-wrapper\" style=\"padding:30px 25px 25px 25px;\"><div class=\"fusion-post-content post-content\"><h2 class=\"blog-shortcode-post-title entry-title\"><a href=\"https:\/\/www.traveltelling.net\/de\/rumaenien-reise-hermannstadt-transsilvanien\/\">Die sch\u00f6nsten Ecken in Siebenb\u00fcrgen, Rum\u00e4nien<\/a><\/h2><p class=\"fusion-single-line-meta\"><span class=\"updated\" style=\"display:none;\">2020-06-11T14:07:53+01:00<\/span>Von <span class=\"vcard\"><span class=\"fn\"><a href=\"https:\/\/www.traveltelling.net\/de\/author\/matthias\/\" title=\"Beitr\u00e4ge von Matthias\" rel=\"author\">Matthias<\/a><\/span><\/span><span class=\"fusion-inline-sep\">|<\/span>Kategorien: <a href=\"https:\/\/www.traveltelling.net\/de\/category\/rumaenien\/\" rel=\"category tag\">Rum\u00e4nien<\/a><span class=\"fusion-inline-sep\">|<\/span><\/p><div class=\"fusion-post-content-container\"><\/div><\/div><\/div><div class=\"fusion-clearfix\"><\/div><\/div>\n<\/article>\n<article id=\"blog-1-post-4096\" class=\"fusion-post-grid post-4096 post type-post status-publish format-standard has-post-thumbnail hentry category-rumaenien tag-donauradweg tag-radreise\">\n<div class=\"fusion-post-wrapper\" style=\"background-color:rgba(255,255,255,0);border:1px solid #393536;border-bottom-width:3px;\">\n\n\t\t\t<div class=\"fusion-flexslider flexslider fusion-flexslider-loading fusion-post-slideshow\" style=\"border-color:#393536;\">\n\t\t<ul class=\"slides\">\n\t\t\t\n\t\t\t\t\t\t\t\t\t\t\t\t\t\t<li><div  class=\"fusion-image-wrapper\" aria-haspopup=\"true\">\n\t\t\t\t<img decoding=\"async\" width=\"2560\" height=\"1920\" src=\"https:\/\/www.traveltelling.net\/wp-content\/uploads\/2015\/10\/train-to-bucharest-zugfahrt-nach-bukarest2-scaled.jpg\" class=\"attachment-full size-full lazyload wp-post-image\" alt=\"Train to Bucharest - Zugfahrt nach Bukarest\" srcset=\"data:image\/svg+xml,%3Csvg%20xmlns%3D%27http%3A%2F%2Fwww.w3.org%2F2000%2Fsvg%27%20width%3D%272560%27%20height%3D%271920%27%20viewBox%3D%270%200%202560%201920%27%3E%3Crect%20width%3D%272560%27%20height%3D%271920%27%20fill-opacity%3D%220%22%2F%3E%3C%2Fsvg%3E\" data-orig-src=\"https:\/\/www.traveltelling.net\/wp-content\/uploads\/2015\/10\/train-to-bucharest-zugfahrt-nach-bukarest2-scaled.jpg\" data-srcset=\"https:\/\/www.traveltelling.net\/wp-content\/uploads\/2015\/10\/train-to-bucharest-zugfahrt-nach-bukarest2-200x150.jpg 200w, https:\/\/www.traveltelling.net\/wp-content\/uploads\/2015\/10\/train-to-bucharest-zugfahrt-nach-bukarest2-400x300.jpg 400w, https:\/\/www.traveltelling.net\/wp-content\/uploads\/2015\/10\/train-to-bucharest-zugfahrt-nach-bukarest2-600x450.jpg 600w, https:\/\/www.traveltelling.net\/wp-content\/uploads\/2015\/10\/train-to-bucharest-zugfahrt-nach-bukarest2-800x600.jpg 800w, https:\/\/www.traveltelling.net\/wp-content\/uploads\/2015\/10\/train-to-bucharest-zugfahrt-nach-bukarest2-1200x900.jpg 1200w, https:\/\/www.traveltelling.net\/wp-content\/uploads\/2015\/10\/train-to-bucharest-zugfahrt-nach-bukarest2-scaled.jpg 2560w\" data-sizes=\"auto\" \/><div class=\"fusion-rollover\">\n\t<div class=\"fusion-rollover-content\">\n\n\t\t\t\t\t\t\t\t\t\t\t\t\t\t<a class=\"fusion-rollover-link\" href=\"https:\/\/www.traveltelling.net\/de\/radreise-rumaenien-zug-nach-bukarest\/\">Rum\u00e4nien: Beziehungskrise im Zug nach Bukarest<\/a>\n\t\t\t\n\t\t\t\t\t\t\t\t\t\t\t\t\t\t\n\t\t\t\t\t\t\t\t\n\t\t\t\t\t\t\t\t\t\t\t\t\t<div class=\"fusion-rollover-sep\"><\/div>\n\t\t\t\t\n\t\t\t\t\t\t\t\t\t\t\t\t\t\t\t\t\t\t<a class=\"fusion-rollover-gallery\" href=\"https:\/\/www.traveltelling.net\/wp-content\/uploads\/2015\/10\/train-to-bucharest-zugfahrt-nach-bukarest2-scaled.jpg\" data-options=\"\" data-id=\"4096\" data-rel=\"iLightbox[gallery]\" data-title=\"train to bucharest - zugfahrt nach bukarest\" data-caption=\"\">\n\t\t\t\t\t\tGallerie\t\t\t\t\t<\/a>\n\t\t\t\t\t\t\t\t\t\t\t\t\t\t\n\t\t\n\t\t\t\t\t\t\t\t\t\t\t\t<h4 class=\"fusion-rollover-title\">\n\t\t\t\t\t<a class=\"fusion-rollover-title-link\" href=\"https:\/\/www.traveltelling.net\/de\/radreise-rumaenien-zug-nach-bukarest\/\">\n\t\t\t\t\t\tRum\u00e4nien: Beziehungskrise im Zug nach Bukarest\t\t\t\t\t<\/a>\n\t\t\t\t<\/h4>\n\t\t\t\n\t\t\t\t\t\t\t\t\t\t<div class=\"fusion-rollover-categories\"><a href=\"https:\/\/www.traveltelling.net\/de\/category\/rumaenien\/\" rel=\"tag\">Rum\u00e4nien<\/a><\/div>\t\t\t\t\t\n\t\t\n\t\t\t\t\t\t<a class=\"fusion-link-wrapper\" href=\"https:\/\/www.traveltelling.net\/de\/radreise-rumaenien-zug-nach-bukarest\/\" aria-label=\"Rum\u00e4nien: Beziehungskrise im Zug nach Bukarest\"><\/a>\n\t<\/div>\n<\/div>\n<\/div>\n<\/li>\n\t\t\t\n\t\t\t\n\t\t\t\t\t\t\t\t<\/ul>\n\t<\/div>\n\t<div class=\"fusion-post-content-wrapper\" style=\"padding:30px 25px 25px 25px;\"><div class=\"fusion-post-content post-content\"><h2 class=\"blog-shortcode-post-title entry-title\"><a href=\"https:\/\/www.traveltelling.net\/de\/radreise-rumaenien-zug-nach-bukarest\/\">Rum\u00e4nien: Beziehungskrise im Zug nach Bukarest<\/a><\/h2><p class=\"fusion-single-line-meta\"><span class=\"updated\" style=\"display:none;\">2020-04-02T00:09:17+01:00<\/span>Von <span class=\"vcard\"><span class=\"fn\"><a href=\"https:\/\/www.traveltelling.net\/de\/author\/matthias\/\" title=\"Beitr\u00e4ge von Matthias\" rel=\"author\">Matthias<\/a><\/span><\/span><span class=\"fusion-inline-sep\">|<\/span>Kategorien: <a href=\"https:\/\/www.traveltelling.net\/de\/category\/rumaenien\/\" rel=\"category tag\">Rum\u00e4nien<\/a><span class=\"fusion-inline-sep\">|<\/span><span class=\"meta-tags\">Schlagw&ouml;rter: <a href=\"https:\/\/www.traveltelling.net\/de\/tag\/donauradweg\/\" rel=\"tag\">Donauradweg<\/a>, <a href=\"https:\/\/www.traveltelling.net\/de\/tag\/radreise\/\" rel=\"tag\">Radreise<\/a><\/span><span class=\"fusion-inline-sep\">|<\/span><\/p><div class=\"fusion-post-content-container\"><\/div><\/div><\/div><div class=\"fusion-clearfix\"><\/div><\/div>\n<\/article>\n<article id=\"blog-1-post-4002\" class=\"fusion-post-grid post-4002 post type-post status-publish format-standard has-post-thumbnail hentry category-bulgarien tag-radreise\">\n<div class=\"fusion-post-wrapper\" style=\"background-color:rgba(255,255,255,0);border:1px solid #393536;border-bottom-width:3px;\">\n\n\t\t\t<div class=\"fusion-flexslider flexslider fusion-flexslider-loading fusion-post-slideshow\" style=\"border-color:#393536;\">\n\t\t<ul class=\"slides\">\n\t\t\t\n\t\t\t\t\t\t\t\t\t\t\t\t\t\t<li><div  class=\"fusion-image-wrapper\" aria-haspopup=\"true\">\n\t\t\t\t<img decoding=\"async\" width=\"800\" height=\"600\" src=\"https:\/\/www.traveltelling.net\/wp-content\/uploads\/2015\/10\/image.jpg\" class=\"attachment-full size-full lazyload wp-post-image\" alt=\"Travel to Sofia, Bulgaria - Reise nach Sofia, Bulgarien\" srcset=\"data:image\/svg+xml,%3Csvg%20xmlns%3D%27http%3A%2F%2Fwww.w3.org%2F2000%2Fsvg%27%20width%3D%27800%27%20height%3D%27600%27%20viewBox%3D%270%200%20800%20600%27%3E%3Crect%20width%3D%27800%27%20height%3D%27600%27%20fill-opacity%3D%220%22%2F%3E%3C%2Fsvg%3E\" data-orig-src=\"https:\/\/www.traveltelling.net\/wp-content\/uploads\/2015\/10\/image.jpg\" data-srcset=\"https:\/\/www.traveltelling.net\/wp-content\/uploads\/2015\/10\/image-200x150.jpg 200w, https:\/\/www.traveltelling.net\/wp-content\/uploads\/2015\/10\/image-400x300.jpg 400w, https:\/\/www.traveltelling.net\/wp-content\/uploads\/2015\/10\/image-600x450.jpg 600w, https:\/\/www.traveltelling.net\/wp-content\/uploads\/2015\/10\/image.jpg 800w\" data-sizes=\"auto\" \/><div class=\"fusion-rollover\">\n\t<div class=\"fusion-rollover-content\">\n\n\t\t\t\t\t\t\t\t\t\t\t\t\t\t<a class=\"fusion-rollover-link\" href=\"https:\/\/www.traveltelling.net\/de\/radreise-2015-eurovelo-post-20\/\">Sofia und das Ventil des Schicksals<\/a>\n\t\t\t\n\t\t\t\t\t\t\t\t\t\t\t\t\t\t\n\t\t\t\t\t\t\t\t\n\t\t\t\t\t\t\t\t\t\t\t\t\t<div class=\"fusion-rollover-sep\"><\/div>\n\t\t\t\t\n\t\t\t\t\t\t\t\t\t\t\t\t\t\t\t\t\t\t<a class=\"fusion-rollover-gallery\" href=\"https:\/\/www.traveltelling.net\/wp-content\/uploads\/2015\/10\/image.jpg\" data-options=\"\" data-id=\"4002\" data-rel=\"iLightbox[gallery]\" data-title=\"Sofia, Bulgaria - Bulgaria\" data-caption=\"\">\n\t\t\t\t\t\tGallerie\t\t\t\t\t<\/a>\n\t\t\t\t\t\t\t\t\t\t\t\t\t\t\n\t\t\n\t\t\t\t\t\t\t\t\t\t\t\t<h4 class=\"fusion-rollover-title\">\n\t\t\t\t\t<a class=\"fusion-rollover-title-link\" href=\"https:\/\/www.traveltelling.net\/de\/radreise-2015-eurovelo-post-20\/\">\n\t\t\t\t\t\tSofia und das Ventil des Schicksals\t\t\t\t\t<\/a>\n\t\t\t\t<\/h4>\n\t\t\t\n\t\t\t\t\t\t\t\t\t\t<div class=\"fusion-rollover-categories\"><a href=\"https:\/\/www.traveltelling.net\/de\/category\/bulgarien\/\" rel=\"tag\">Bulgarien<\/a><\/div>\t\t\t\t\t\n\t\t\n\t\t\t\t\t\t<a class=\"fusion-link-wrapper\" href=\"https:\/\/www.traveltelling.net\/de\/radreise-2015-eurovelo-post-20\/\" aria-label=\"Sofia und das Ventil des Schicksals\"><\/a>\n\t<\/div>\n<\/div>\n<\/div>\n<\/li>\n\t\t\t\n\t\t\t\n\t\t\t\t\t\t\t\t<\/ul>\n\t<\/div>\n\t<div class=\"fusion-post-content-wrapper\" style=\"padding:30px 25px 25px 25px;\"><div class=\"fusion-post-content post-content\"><h2 class=\"blog-shortcode-post-title entry-title\"><a href=\"https:\/\/www.traveltelling.net\/de\/radreise-2015-eurovelo-post-20\/\">Sofia und das Ventil des Schicksals<\/a><\/h2><p class=\"fusion-single-line-meta\"><span class=\"updated\" style=\"display:none;\">2020-04-02T00:16:02+01:00<\/span>Von <span class=\"vcard\"><span class=\"fn\"><a href=\"https:\/\/www.traveltelling.net\/de\/author\/matthias\/\" title=\"Beitr\u00e4ge von Matthias\" rel=\"author\">Matthias<\/a><\/span><\/span><span class=\"fusion-inline-sep\">|<\/span>Kategorien: <a href=\"https:\/\/www.traveltelling.net\/de\/category\/bulgarien\/\" rel=\"category tag\">Bulgarien<\/a><span class=\"fusion-inline-sep\">|<\/span><span class=\"meta-tags\">Schlagw&ouml;rter: <a href=\"https:\/\/www.traveltelling.net\/de\/tag\/radreise\/\" rel=\"tag\">Radreise<\/a><\/span><span class=\"fusion-inline-sep\">|<\/span><\/p><div class=\"fusion-post-content-container\"><\/div><\/div><\/div><div class=\"fusion-clearfix\"><\/div><\/div>\n<\/article>\n<article id=\"blog-1-post-3935\" class=\"fusion-post-grid post-3935 post type-post status-publish format-standard has-post-thumbnail hentry category-bulgarien tag-donauradweg tag-radreise\">\n<div class=\"fusion-post-wrapper\" style=\"background-color:rgba(255,255,255,0);border:1px solid #393536;border-bottom-width:3px;\">\n\n\t\t\t<div class=\"fusion-flexslider flexslider fusion-flexslider-loading fusion-post-slideshow\" style=\"border-color:#393536;\">\n\t\t<ul class=\"slides\">\n\t\t\t\n\t\t\t\t\t\t\t\t\t\t\t\t\t\t<li><div  class=\"fusion-image-wrapper\" aria-haspopup=\"true\">\n\t\t\t\t<img decoding=\"async\" width=\"1600\" height=\"1200\" src=\"https:\/\/www.traveltelling.net\/wp-content\/uploads\/2015\/09\/bulgarien-vidin-belogradtschick-1.jpg\" class=\"attachment-full size-full lazyload wp-post-image\" alt=\"bulgarien belogradtschick vidin\" srcset=\"data:image\/svg+xml,%3Csvg%20xmlns%3D%27http%3A%2F%2Fwww.w3.org%2F2000%2Fsvg%27%20width%3D%271600%27%20height%3D%271200%27%20viewBox%3D%270%200%201600%201200%27%3E%3Crect%20width%3D%271600%27%20height%3D%271200%27%20fill-opacity%3D%220%22%2F%3E%3C%2Fsvg%3E\" data-orig-src=\"https:\/\/www.traveltelling.net\/wp-content\/uploads\/2015\/09\/bulgarien-vidin-belogradtschick-1.jpg\" data-srcset=\"https:\/\/www.traveltelling.net\/wp-content\/uploads\/2015\/09\/bulgarien-vidin-belogradtschick-1-200x150.jpg 200w, https:\/\/www.traveltelling.net\/wp-content\/uploads\/2015\/09\/bulgarien-vidin-belogradtschick-1-400x300.jpg 400w, https:\/\/www.traveltelling.net\/wp-content\/uploads\/2015\/09\/bulgarien-vidin-belogradtschick-1-600x450.jpg 600w, https:\/\/www.traveltelling.net\/wp-content\/uploads\/2015\/09\/bulgarien-vidin-belogradtschick-1-800x600.jpg 800w, https:\/\/www.traveltelling.net\/wp-content\/uploads\/2015\/09\/bulgarien-vidin-belogradtschick-1-1200x900.jpg 1200w, https:\/\/www.traveltelling.net\/wp-content\/uploads\/2015\/09\/bulgarien-vidin-belogradtschick-1.jpg 1600w\" data-sizes=\"auto\" \/><div class=\"fusion-rollover\">\n\t<div class=\"fusion-rollover-content\">\n\n\t\t\t\t\t\t\t\t\t\t\t\t\t\t<a class=\"fusion-rollover-link\" href=\"https:\/\/www.traveltelling.net\/de\/radreise-2015-eurovelo-post-19\/\">Vidin: Ein Tagesausflug nach Belogradtschik<\/a>\n\t\t\t\n\t\t\t\t\t\t\t\t\t\t\t\t\t\t\n\t\t\t\t\t\t\t\t\n\t\t\t\t\t\t\t\t\t\t\t\t\t<div class=\"fusion-rollover-sep\"><\/div>\n\t\t\t\t\n\t\t\t\t\t\t\t\t\t\t\t\t\t\t\t\t\t\t<a class=\"fusion-rollover-gallery\" href=\"https:\/\/www.traveltelling.net\/wp-content\/uploads\/2015\/09\/bulgarien-vidin-belogradtschick-1.jpg\" data-options=\"\" data-id=\"3935\" data-rel=\"iLightbox[gallery]\" data-title=\"bulgarien belogradtschick vidin\" data-caption=\"\">\n\t\t\t\t\t\tGallerie\t\t\t\t\t<\/a>\n\t\t\t\t\t\t\t\t\t\t\t\t\t\t\n\t\t\n\t\t\t\t\t\t\t\t\t\t\t\t<h4 class=\"fusion-rollover-title\">\n\t\t\t\t\t<a class=\"fusion-rollover-title-link\" href=\"https:\/\/www.traveltelling.net\/de\/radreise-2015-eurovelo-post-19\/\">\n\t\t\t\t\t\tVidin: Ein Tagesausflug nach Belogradtschik\t\t\t\t\t<\/a>\n\t\t\t\t<\/h4>\n\t\t\t\n\t\t\t\t\t\t\t\t\t\t<div class=\"fusion-rollover-categories\"><a href=\"https:\/\/www.traveltelling.net\/de\/category\/bulgarien\/\" rel=\"tag\">Bulgarien<\/a><\/div>\t\t\t\t\t\n\t\t\n\t\t\t\t\t\t<a class=\"fusion-link-wrapper\" href=\"https:\/\/www.traveltelling.net\/de\/radreise-2015-eurovelo-post-19\/\" aria-label=\"Vidin: Ein Tagesausflug nach Belogradtschik\"><\/a>\n\t<\/div>\n<\/div>\n<\/div>\n<\/li>\n\t\t\t\n\t\t\t\n\t\t\t\t\t\t\t\t<\/ul>\n\t<\/div>\n\t<div class=\"fusion-post-content-wrapper\" style=\"padding:30px 25px 25px 25px;\"><div class=\"fusion-post-content post-content\"><h2 class=\"blog-shortcode-post-title entry-title\"><a href=\"https:\/\/www.traveltelling.net\/de\/radreise-2015-eurovelo-post-19\/\">Vidin: Ein Tagesausflug nach Belogradtschik<\/a><\/h2><p class=\"fusion-single-line-meta\"><span class=\"updated\" style=\"display:none;\">2020-06-11T12:13:52+01:00<\/span>Von <span class=\"vcard\"><span class=\"fn\"><a href=\"https:\/\/www.traveltelling.net\/de\/author\/matthias\/\" title=\"Beitr\u00e4ge von Matthias\" rel=\"author\">Matthias<\/a><\/span><\/span><span class=\"fusion-inline-sep\">|<\/span>Kategorien: <a href=\"https:\/\/www.traveltelling.net\/de\/category\/bulgarien\/\" rel=\"category tag\">Bulgarien<\/a><span class=\"fusion-inline-sep\">|<\/span><span class=\"meta-tags\">Schlagw&ouml;rter: <a href=\"https:\/\/www.traveltelling.net\/de\/tag\/donauradweg\/\" rel=\"tag\">Donauradweg<\/a>, <a href=\"https:\/\/www.traveltelling.net\/de\/tag\/radreise\/\" rel=\"tag\">Radreise<\/a><\/span><span class=\"fusion-inline-sep\">|<\/span><\/p><div class=\"fusion-post-content-container\"><\/div><\/div><\/div><div class=\"fusion-clearfix\"><\/div><\/div>\n<\/article>\n<div class=\"fusion-clearfix\"><\/div><\/div><div class=\"fusion-infinite-scroll-trigger\"><\/div><div class=\"pagination infinite-scroll clearfix\" style=\"display:none;\"><span class=\"current\">1<\/span><a href=\"https:\/\/www.traveltelling.net\/de\/wp-json\/wp\/v2\/pages\/16338\/page\/2\/\" class=\"inactive\">2<\/a><a class=\"pagination-next\" rel=\"next\" href=\"https:\/\/www.traveltelling.net\/de\/wp-json\/wp\/v2\/pages\/16338\/page\/2\/\"><span class=\"page-text\">Vor<\/span><span class=\"page-next\"><\/span><\/a><\/div><div class=\"fusion-clearfix\"><\/div><button class=\"fusion-load-more-button fusion-blog-button fusion-clearfix\">Mehr Beitr\u00e4ge laden<\/button><\/div><div class=\"fusion-clearfix\"><\/div><\/div><\/div><\/div><\/div>\n","protected":false},"excerpt":{"rendered":"","protected":false},"author":4,"featured_media":0,"parent":0,"menu_order":0,"comment_status":"closed","ping_status":"closed","template":"","meta":{"footnotes":""},"class_list":["post-16338","page","type-page","status-publish","hentry"],"yoast_head":"<!-- This site is optimized with the Yoast SEO plugin v27.4 - https:\/\/yoast.com\/product\/yoast-seo-wordpress\/ -->\n<title>Ostw\u00e4rts - Reiseberichte und Tipps f\u00fcr Reisen nach Osteuropa<\/title>\n<meta name=\"description\" content=\"Hier findest du Reiseberichte und Tipps zu Reisen nach Osteuropa, ins ehemalige Jugoslawien, auf den Balkan sowie ins Baltikum.\" \/>\n<meta name=\"robots\" content=\"index, follow, max-snippet:-1, max-image-preview:large, max-video-preview:-1\" \/>\n<link rel=\"canonical\" href=\"https:\/\/www.traveltelling.net\/de\/osteuropa\/\" \/>\n<meta property=\"og:locale\" content=\"de_DE\" \/>\n<meta property=\"og:type\" content=\"article\" \/>\n<meta property=\"og:title\" content=\"Ostw\u00e4rts - Reiseberichte und Tipps f\u00fcr Reisen nach Osteuropa\" \/>\n<meta property=\"og:description\" content=\"Hier findest du Reiseberichte und Tipps zu Reisen nach Osteuropa, ins ehemalige Jugoslawien, auf den Balkan sowie ins Baltikum.\" \/>\n<meta property=\"og:url\" content=\"https:\/\/www.traveltelling.net\/de\/osteuropa\/\" \/>\n<meta property=\"og:site_name\" content=\"TravelTelling\" \/>\n<meta property=\"article:publisher\" content=\"https:\/\/www.facebook.com\/traveltelling\" \/>\n<meta property=\"article:modified_time\" content=\"2021-10-27T10:13:55+00:00\" \/>\n<meta name=\"twitter:card\" content=\"summary_large_image\" \/>\n<meta name=\"twitter:site\" content=\"@traveltelling\" \/>\n<meta name=\"twitter:label1\" content=\"Gesch\u00e4tzte Lesezeit\" \/>\n\t<meta name=\"twitter:data1\" content=\"2\u00a0Minuten\" \/>\n<script type=\"application\/ld+json\" class=\"yoast-schema-graph\">{\"@context\":\"https:\\\/\\\/schema.org\",\"@graph\":[{\"@type\":\"WebPage\",\"@id\":\"https:\\\/\\\/www.traveltelling.net\\\/de\\\/osteuropa\\\/\",\"url\":\"https:\\\/\\\/www.traveltelling.net\\\/de\\\/osteuropa\\\/\",\"name\":\"Ostw\u00e4rts - Reiseberichte und Tipps f\u00fcr Reisen nach Osteuropa\",\"isPartOf\":{\"@id\":\"https:\\\/\\\/www.traveltelling.net\\\/de\\\/#website\"},\"datePublished\":\"2020-04-01T11:56:09+00:00\",\"dateModified\":\"2021-10-27T10:13:55+00:00\",\"description\":\"Hier findest du Reiseberichte und Tipps zu Reisen nach Osteuropa, ins ehemalige Jugoslawien, auf den Balkan sowie ins Baltikum.\",\"breadcrumb\":{\"@id\":\"https:\\\/\\\/www.traveltelling.net\\\/de\\\/osteuropa\\\/#breadcrumb\"},\"inLanguage\":\"de\",\"potentialAction\":[{\"@type\":\"ReadAction\",\"target\":[\"https:\\\/\\\/www.traveltelling.net\\\/de\\\/osteuropa\\\/\"]}]},{\"@type\":\"BreadcrumbList\",\"@id\":\"https:\\\/\\\/www.traveltelling.net\\\/de\\\/osteuropa\\\/#breadcrumb\",\"itemListElement\":[{\"@type\":\"ListItem\",\"position\":1,\"name\":\"Startseite\",\"item\":\"https:\\\/\\\/www.traveltelling.net\\\/de\\\/\"},{\"@type\":\"ListItem\",\"position\":2,\"name\":\"Ostw\u00e4rts\"}]},{\"@type\":\"WebSite\",\"@id\":\"https:\\\/\\\/www.traveltelling.net\\\/de\\\/#website\",\"url\":\"https:\\\/\\\/www.traveltelling.net\\\/de\\\/\",\"name\":\"TravelTelling\",\"description\":\"Reiseberichte | Abenteuer | SlowTravel\",\"potentialAction\":[{\"@type\":\"SearchAction\",\"target\":{\"@type\":\"EntryPoint\",\"urlTemplate\":\"https:\\\/\\\/www.traveltelling.net\\\/de\\\/?s={search_term_string}\"},\"query-input\":{\"@type\":\"PropertyValueSpecification\",\"valueRequired\":true,\"valueName\":\"search_term_string\"}}],\"inLanguage\":\"de\"}]}<\/script>\n<!-- \/ Yoast SEO plugin. -->","yoast_head_json":{"title":"Ostw\u00e4rts - Reiseberichte und Tipps f\u00fcr Reisen nach Osteuropa","description":"Hier findest du Reiseberichte und Tipps zu Reisen nach Osteuropa, ins ehemalige Jugoslawien, auf den Balkan sowie ins Baltikum.","robots":{"index":"index","follow":"follow","max-snippet":"max-snippet:-1","max-image-preview":"max-image-preview:large","max-video-preview":"max-video-preview:-1"},"canonical":"https:\/\/www.traveltelling.net\/de\/osteuropa\/","og_locale":"de_DE","og_type":"article","og_title":"Ostw\u00e4rts - Reiseberichte und Tipps f\u00fcr Reisen nach Osteuropa","og_description":"Hier findest du Reiseberichte und Tipps zu Reisen nach Osteuropa, ins ehemalige Jugoslawien, auf den Balkan sowie ins Baltikum.","og_url":"https:\/\/www.traveltelling.net\/de\/osteuropa\/","og_site_name":"TravelTelling","article_publisher":"https:\/\/www.facebook.com\/traveltelling","article_modified_time":"2021-10-27T10:13:55+00:00","twitter_card":"summary_large_image","twitter_site":"@traveltelling","twitter_misc":{"Gesch\u00e4tzte Lesezeit":"2\u00a0Minuten"},"schema":{"@context":"https:\/\/schema.org","@graph":[{"@type":"WebPage","@id":"https:\/\/www.traveltelling.net\/de\/osteuropa\/","url":"https:\/\/www.traveltelling.net\/de\/osteuropa\/","name":"Ostw\u00e4rts - Reiseberichte und Tipps f\u00fcr Reisen nach Osteuropa","isPartOf":{"@id":"https:\/\/www.traveltelling.net\/de\/#website"},"datePublished":"2020-04-01T11:56:09+00:00","dateModified":"2021-10-27T10:13:55+00:00","description":"Hier findest du Reiseberichte und Tipps zu Reisen nach Osteuropa, ins ehemalige Jugoslawien, auf den Balkan sowie ins Baltikum.","breadcrumb":{"@id":"https:\/\/www.traveltelling.net\/de\/osteuropa\/#breadcrumb"},"inLanguage":"de","potentialAction":[{"@type":"ReadAction","target":["https:\/\/www.traveltelling.net\/de\/osteuropa\/"]}]},{"@type":"BreadcrumbList","@id":"https:\/\/www.traveltelling.net\/de\/osteuropa\/#breadcrumb","itemListElement":[{"@type":"ListItem","position":1,"name":"Startseite","item":"https:\/\/www.traveltelling.net\/de\/"},{"@type":"ListItem","position":2,"name":"Ostw\u00e4rts"}]},{"@type":"WebSite","@id":"https:\/\/www.traveltelling.net\/de\/#website","url":"https:\/\/www.traveltelling.net\/de\/","name":"TravelTelling","description":"Reiseberichte | Abenteuer | SlowTravel","potentialAction":[{"@type":"SearchAction","target":{"@type":"EntryPoint","urlTemplate":"https:\/\/www.traveltelling.net\/de\/?s={search_term_string}"},"query-input":{"@type":"PropertyValueSpecification","valueRequired":true,"valueName":"search_term_string"}}],"inLanguage":"de"}]}},"_links":{"self":[{"href":"https:\/\/www.traveltelling.net\/de\/wp-json\/wp\/v2\/pages\/16338","targetHints":{"allow":["GET"]}}],"collection":[{"href":"https:\/\/www.traveltelling.net\/de\/wp-json\/wp\/v2\/pages"}],"about":[{"href":"https:\/\/www.traveltelling.net\/de\/wp-json\/wp\/v2\/types\/page"}],"author":[{"embeddable":true,"href":"https:\/\/www.traveltelling.net\/de\/wp-json\/wp\/v2\/users\/4"}],"replies":[{"embeddable":true,"href":"https:\/\/www.traveltelling.net\/de\/wp-json\/wp\/v2\/comments?post=16338"}],"version-history":[{"count":0,"href":"https:\/\/www.traveltelling.net\/de\/wp-json\/wp\/v2\/pages\/16338\/revisions"}],"wp:attachment":[{"href":"https:\/\/www.traveltelling.net\/de\/wp-json\/wp\/v2\/media?parent=16338"}],"curies":[{"name":"wp","href":"https:\/\/api.w.org\/{rel}","templated":true}]}}